{"id":9508,"date":"2022-04-13T06:46:16","date_gmt":"2022-04-13T06:46:16","guid":{"rendered":"https:\/\/www.grupozaragoza.com\/politica-de-privacidad\/"},"modified":"2022-04-13T06:53:20","modified_gmt":"2022-04-13T06:53:20","slug":"politique-de-confidentialite","status":"publish","type":"page","link":"https:\/\/www.grupozaragoza.com\/fr\/politique-de-confidentialite\/","title":{"rendered":"POLITIQUE DE CONFIDENTIALIT\u00c9"},"content":{"rendered":"<div class=\"wpb-content-wrapper\"><p>[vc_row css_animation=\u00a0\u00bb\u00a0\u00bb row_type=\u00a0\u00bbrow\u00a0\u00bb use_row_as_full_screen_section=\u00a0\u00bbno\u00a0\u00bb type=\u00a0\u00bbfull_width\u00a0\u00bb angled_section=\u00a0\u00bbno\u00a0\u00bb text_align=\u00a0\u00bbleft\u00a0\u00bb background_image_as_pattern=\u00a0\u00bbwithout_pattern\u00a0\u00bb][vc_column][vc_column_text]<strong>POLITIQUE DE CONFIDENTIALIT\u00c9<\/strong><\/p>\n<ol>\n<li><strong>INFORMATIONS<\/strong><strong> \u00c0 L\u2019UTILISATEUR<\/strong><\/li>\n<\/ol>\n<p><strong>Qui est le responsable du traitement de vos donn\u00e9es personnelles\u00a0?<\/strong><\/p>\n<p><strong>ZARAGOZ\u00c1 MEDIENERCO,S.L.U <\/strong>est le RESPONSABLE du traitement des donn\u00e9es personnelles de L\u2019UTILISATEUR, et vous informe que ces donn\u00e9es seront trait\u00e9es conform\u00e9ment aux dispositions du R\u00e8glement (UE) 2016\/679, du 27 avril (RGPD), et de la Loi organique 3\/2018, du 5 d\u00e9cembre (LOPDGDD).<\/p>\n<p><strong>Dans quel but traitons-nous vos donn\u00e9es personnelles\u00a0?<\/strong><\/p>\n<p>Pour entretenir une relation commerciale avec l\u2019utilisateur. Voici les op\u00e9rations pr\u00e9vues pour effectuer le traitement\u00a0:<\/p>\n<ul>\n<li>Soumission de communications commerciales publicitaires par courriel, fax, SMS, MMS, r\u00e9seaux sociaux ou tout autre moyen \u00e9lectronique ou physique, pr\u00e9sent ou futur permettant d\u2019effectuer des communications commerciales. Ces communications seront effectu\u00e9es par le RESPONSABLE et porteront sur ses produits et services, ou ceux de ses collaborateurs ou fournisseurs, avec lesquels il a sign\u00e9 un accord de promotion. Dans ce cas, les tiers n\u2019auront jamais acc\u00e8s aux donn\u00e9es personnelles.<\/li>\n<li>Mener des \u00e9tudes de march\u00e9 et des analyses statistiques.<\/li>\n<li>Traiter des commandes et des requ\u00eates, r\u00e9pondre aux consultations et \u00e0 tout type de demande de la part de L\u2019UTILISATEUR \u00e0 l\u2019aide de tout moyen de contact mis \u00e0 sa disposition sur la page web du RESPONSABLE.<\/li>\n<li>Soumettre le bulletin d\u2019information en ligne, sur les nouveaut\u00e9s, les offres et les promotions dans notre activit\u00e9.<\/li>\n<\/ul>\n<p><strong>Quel est le motif de notre traitement de vos donn\u00e9es personnelles\u00a0?<\/strong><\/p>\n<p>Parce que le traitement est fond\u00e9 sur l\u2019article 6 du RGPD de la fa\u00e7on suivante\u00a0:<\/p>\n<ul>\n<li>Avec le consentement de L\u2019UTILISATEUR\u00a0: soumission de communications commerciales et du bulletin d\u2019information.<\/li>\n<li>Pour l\u2019int\u00e9r\u00eat l\u00e9gitime du RESPONSABLE\u00a0: mener des \u00e9tudes de march\u00e9, des analyses statistiques etc. et traiter les commandes, requ\u00eates etc. \u00e0 la demande de L\u2019UTILISATEUR.<\/li>\n<\/ul>\n<p><strong>Combien de temps conserverons-nous vos donn\u00e9es personnelles\u00a0?<\/strong><\/p>\n<p>Elles seront conserv\u00e9es plus longtemps que n\u00e9cessaire pour poursuivre la fin de traitement, ou en cas de prescriptions l\u00e9gales qui dictent leur conservation et d\u00e8s que cela ne sera plus n\u00e9cessaire, elles seront supprim\u00e9es avec des moyens de s\u00e9curit\u00e9 ad\u00e9quats pour garantir la mise sous forme anonyme des donn\u00e9es ou la destruction totale de celles-ci.<\/p>\n<p><strong>\u00c0 qui communiquons-nous vos donn\u00e9es personnelles\u00a0?<\/strong><\/p>\n<p>Les donn\u00e9es personnelles ne sont aucunement communiqu\u00e9es \u00e0 des tiers, sauf si cela est n\u00e9cessaire au d\u00e9roulement et \u00e0 l\u2019ex\u00e9cution des fins de traitement, \u00e0 nos fournisseurs de services li\u00e9s aux communications, avec lesquels le RESPONSABLE a conclu les contrats de confidentialit\u00e9 et de mandat de traitement exig\u00e9s par la r\u00e9glementation sur la confidentialit\u00e9 en vigueur.<\/p>\n<p><strong>Quels sont vos droits\u00a0?<\/strong><\/p>\n<p>Voici les droits qui reviennent \u00e0 l\u2019Utilisateur\u00a0:<\/p>\n<ul>\n<li>Droit de r\u00e9voquer le consentement \u00e0 tout moment.<\/li>\n<li>Droit d\u2019acc\u00e8s, de rectification, de portabilit\u00e9 et de suppression de ses donn\u00e9es, et de limitation ou d\u2019opposition \u00e0 leur traitement.<\/li>\n<li>Droit de d\u00e9poser une r\u00e9clamation devant l\u2019autorit\u00e9 de contr\u00f4le (<a href=\"http:\/\/www.aepd.es\">aepd.es<\/a>) si le traitement est consid\u00e9r\u00e9 comme non conforme \u00e0 la r\u00e9glementation en vigueur.<\/li>\n<\/ul>\n<p><strong>Coordonn\u00e9es pour exercer vos droits\u00a0:<\/strong><\/p>\n<p>ZARAGOZ\u00c1 MEDIENERCO,S.L.U. C\/ CRONISTA CARRERES 11 3\u00b0 A , 46003 VAL\u00c8NCIA (VAL\u00c8NCIA); ESPAGNE Courriel\u00a0: <a href=\"mailto:info@grupozaragoza.com\">info@grupozaragoza.com<\/a><\/p>\n<ol start=\"2\">\n<li><strong>CARACT\u00c8RE OBLIGATOIRE OU FACULTATIF DES INFORMATIONS FOURNIES PAR L\u2019UTILISATEUR<\/strong><\/li>\n<\/ol>\n<p>Les UTILISATEURS, en cochant les cases correspondantes et en saisissant les donn\u00e9es dans les champs, marqu\u00e9s avec un ast\u00e9risque (*) dans le formulaire de contact, ou pr\u00e9sent\u00e9s dans les formulaires de t\u00e9l\u00e9chargement, acceptent explicitement, de mani\u00e8re libre et non \u00e9quivoque, que leurs donn\u00e9es sont n\u00e9cessaires pour donner suite \u00e0 leur requ\u00eate, de la part du prestataire, les autres champs \u00e9tant \u00e0 remplir facultativement. L\u2019UTILISATEUR garantit que les donn\u00e9es personnelles fournies au RESPONSABLE sont v\u00e9ridiques et assume la responsabilit\u00e9 de communiquer de toute modification de celles-ci.<\/p>\n<p>LE RESPONSABLE informe que toutes les donn\u00e9es demand\u00e9es sur le site web sont obligatoires, car elles sont n\u00e9cessaires \u00e0 la prestation d\u2019un service optimal \u00e0 L\u2019UTILISATEUR. Si les donn\u00e9es ne sont pas fournies dans leur int\u00e9gralit\u00e9, il n\u2019aura pas la garantie que les informations et services fournis r\u00e9pondent \u00e0 tous ses besoins.<\/p>\n<ol start=\"3\">\n<li><strong>MESURES DE S\u00c9CURIT\u00c9<\/strong><\/li>\n<\/ol>\n<p>Que conform\u00e9ment \u00e0 ce qui est pr\u00e9vu par les r\u00e8glements en vigueur en mati\u00e8re de protection des donn\u00e9es personnelles, le RESPONSABLE respecte toutes les dispositions des r\u00e8glements RGPD et LOPDGDD pour le traitement des donn\u00e9es personnelles sous sa responsabilit\u00e9, et manifestement les principes d\u00e9crits dans l\u2019article 5 du RGPD, selon lesquels elles sont trait\u00e9es non seulement de mani\u00e8re licite, loyale et transparente envers la personne concern\u00e9e, mais aussi de fa\u00e7on ad\u00e9quate, pertinente et limit\u00e9e au strict n\u00e9cessaire quant aux fins de traitement de celles-ci.<\/p>\n<p>Le RESPONSABLE garantit qu\u2019il a mis en place des politiques techniques et organisationnelles appropri\u00e9es pour appliquer les mesures de s\u00e9curit\u00e9 qui \u00e9tablissent le RGPD et la LOPDGDD afin de prot\u00e9ger les droits et les libert\u00e9s des UTILISATEURS et leur a communiqu\u00e9 les informations ad\u00e9quates pour pouvoir les exercer.<\/p>\n<p>Pour de plus amples d\u00e9tails sur les garanties de confidentialit\u00e9, vous pouvez vous adresser au RESPONSABLE chez ZARAGOZ\u00c1 MEDIENERCO,S.L.U. C\/ CRONISTA CARRERES 11 3\u00b0 A , 46003 VAL\u00c8NCIA (VAL\u00c8NCIA); ESPAGNE Courriel\u00a0: <a href=\"mailto:info@grupozaragoza.com\">info@grupozaragoza.com<\/a>[\/vc_column_text][\/vc_column][\/vc_row]<\/p>\n<\/div>","protected":false},"excerpt":{"rendered":"<p>[vc_row css_animation=\u00a0\u00bb\u00a0\u00bb row_type=\u00a0\u00bbrow\u00a0\u00bb use_row_as_full_screen_section=\u00a0\u00bbno\u00a0\u00bb type=\u00a0\u00bbfull_width\u00a0\u00bb angled_section=\u00a0\u00bbno\u00a0\u00bb text_align=\u00a0\u00bbleft\u00a0\u00bb background_image_as_pattern=\u00a0\u00bbwithout_pattern\u00a0\u00bb][vc_column][vc_column_text]POLITIQUE DE CONFIDENTIALIT\u00c9 INFORMATIONS \u00c0 L\u2019UTILISATEUR Qui est le responsable du traitement de vos donn\u00e9es personnelles\u00a0? ZARAGOZ\u00c1 MEDIENERCO,S.L.U est le RESPONSABLE du traitement des donn\u00e9es personnelles de L\u2019UTILISATEUR, et vous informe que ces donn\u00e9es seront trait\u00e9es conform\u00e9ment aux&#8230;<\/p>\n","protected":false},"author":4,"featured_media":0,"parent":0,"menu_order":0,"comment_status":"closed","ping_status":"closed","template":"","meta":{"_acf_changed":false,"footnotes":""},"class_list":["post-9508","page","type-page","status-publish","hentry"],"acf":[],"yoast_head":"<!-- This site is optimized with the Yoast SEO plugin v26.8 - https:\/\/yoast.com\/product\/yoast-seo-wordpress\/ -->\n<title>POLITIQUE DE CONFIDENTIALIT\u00c9 - GRUPO ZARAGOZ\u00c1<\/title>\n<meta name=\"robots\" content=\"index, follow, max-snippet:-1, max-image-preview:large, max-video-preview:-1\" \/>\n<link rel=\"canonical\" href=\"https:\/\/www.grupozaragoza.com\/fr\/politique-de-confidentialite\/\" \/>\n<meta property=\"og:locale\" content=\"fr_FR\" \/>\n<meta property=\"og:type\" content=\"article\" \/>\n<meta property=\"og:title\" content=\"POLITIQUE DE CONFIDENTIALIT\u00c9 - GRUPO ZARAGOZ\u00c1\" \/>\n<meta property=\"og:description\" content=\"[vc_row css_animation=\u00a0\u00bb\u00a0\u00bb row_type=\u00a0\u00bbrow\u00a0\u00bb use_row_as_full_screen_section=\u00a0\u00bbno\u00a0\u00bb type=\u00a0\u00bbfull_width\u00a0\u00bb angled_section=\u00a0\u00bbno\u00a0\u00bb text_align=\u00a0\u00bbleft\u00a0\u00bb background_image_as_pattern=\u00a0\u00bbwithout_pattern\u00a0\u00bb][vc_column][vc_column_text]POLITIQUE DE CONFIDENTIALIT\u00c9 INFORMATIONS \u00c0 L\u2019UTILISATEUR Qui est le responsable du traitement de vos donn\u00e9es personnelles\u00a0? ZARAGOZ\u00c1 MEDIENERCO,S.L.U est le RESPONSABLE du traitement des donn\u00e9es personnelles de L\u2019UTILISATEUR, et vous informe que ces donn\u00e9es seront trait\u00e9es conform\u00e9ment aux...\" \/>\n<meta property=\"og:url\" content=\"https:\/\/www.grupozaragoza.com\/fr\/politique-de-confidentialite\/\" \/>\n<meta property=\"og:site_name\" content=\"GRUPO ZARAGOZ\u00c1\" \/>\n<meta property=\"article:modified_time\" content=\"2022-04-13T06:53:20+00:00\" \/>\n<meta name=\"twitter:card\" content=\"summary_large_image\" \/>\n<meta name=\"twitter:label1\" content=\"Dur\u00e9e de lecture estim\u00e9e\" \/>\n\t<meta name=\"twitter:data1\" content=\"4 minutes\" \/>\n<script type=\"application\/ld+json\" class=\"yoast-schema-graph\">{\"@context\":\"https:\/\/schema.org\",\"@graph\":[{\"@type\":\"WebPage\",\"@id\":\"https:\/\/www.grupozaragoza.com\/fr\/politique-de-confidentialite\/\",\"url\":\"https:\/\/www.grupozaragoza.com\/fr\/politique-de-confidentialite\/\",\"name\":\"POLITIQUE DE CONFIDENTIALIT\u00c9 - GRUPO ZARAGOZ\u00c1\",\"isPartOf\":{\"@id\":\"https:\/\/www.grupozaragoza.com\/#website\"},\"datePublished\":\"2022-04-13T06:46:16+00:00\",\"dateModified\":\"2022-04-13T06:53:20+00:00\",\"breadcrumb\":{\"@id\":\"https:\/\/www.grupozaragoza.com\/fr\/politique-de-confidentialite\/#breadcrumb\"},\"inLanguage\":\"fr-FR\",\"potentialAction\":[{\"@type\":\"ReadAction\",\"target\":[\"https:\/\/www.grupozaragoza.com\/fr\/politique-de-confidentialite\/\"]}]},{\"@type\":\"BreadcrumbList\",\"@id\":\"https:\/\/www.grupozaragoza.com\/fr\/politique-de-confidentialite\/#breadcrumb\",\"itemListElement\":[{\"@type\":\"ListItem\",\"position\":1,\"name\":\"Portada\",\"item\":\"https:\/\/www.grupozaragoza.com\/fr\/\"},{\"@type\":\"ListItem\",\"position\":2,\"name\":\"POLITIQUE DE CONFIDENTIALIT\u00c9\"}]},{\"@type\":\"WebSite\",\"@id\":\"https:\/\/www.grupozaragoza.com\/#website\",\"url\":\"https:\/\/www.grupozaragoza.com\/\",\"name\":\"GRUPO ZARAGOZ\u00c1\",\"description\":\"Ingenieria &amp; Arquitectura Creativa\",\"publisher\":{\"@id\":\"https:\/\/www.grupozaragoza.com\/#organization\"},\"potentialAction\":[{\"@type\":\"SearchAction\",\"target\":{\"@type\":\"EntryPoint\",\"urlTemplate\":\"https:\/\/www.grupozaragoza.com\/?s={search_term_string}\"},\"query-input\":{\"@type\":\"PropertyValueSpecification\",\"valueRequired\":true,\"valueName\":\"search_term_string\"}}],\"inLanguage\":\"fr-FR\"},{\"@type\":\"Organization\",\"@id\":\"https:\/\/www.grupozaragoza.com\/#organization\",\"name\":\"GRUPO ZARAGOZ\u00c1\",\"url\":\"https:\/\/www.grupozaragoza.com\/\",\"logo\":{\"@type\":\"ImageObject\",\"inLanguage\":\"fr-FR\",\"@id\":\"https:\/\/www.grupozaragoza.com\/#\/schema\/logo\/image\/\",\"url\":\"https:\/\/www.grupozaragoza.com\/wp-content\/uploads\/2017\/08\/logo_zaragoza.png\",\"contentUrl\":\"https:\/\/www.grupozaragoza.com\/wp-content\/uploads\/2017\/08\/logo_zaragoza.png\",\"width\":676,\"height\":180,\"caption\":\"GRUPO ZARAGOZ\u00c1\"},\"image\":{\"@id\":\"https:\/\/www.grupozaragoza.com\/#\/schema\/logo\/image\/\"},\"sameAs\":[\"https:\/\/www.linkedin.com\/company\/grupozaragoza\/\",\"https:\/\/www.instagram.com\/grupozaragoza_com\/\"]}]}<\/script>\n<!-- \/ Yoast SEO plugin. -->","yoast_head_json":{"title":"POLITIQUE DE CONFIDENTIALIT\u00c9 - GRUPO ZARAGOZ\u00c1","robots":{"index":"index","follow":"follow","max-snippet":"max-snippet:-1","max-image-preview":"max-image-preview:large","max-video-preview":"max-video-preview:-1"},"canonical":"https:\/\/www.grupozaragoza.com\/fr\/politique-de-confidentialite\/","og_locale":"fr_FR","og_type":"article","og_title":"POLITIQUE DE CONFIDENTIALIT\u00c9 - GRUPO ZARAGOZ\u00c1","og_description":"[vc_row css_animation=\u00a0\u00bb\u00a0\u00bb row_type=\u00a0\u00bbrow\u00a0\u00bb use_row_as_full_screen_section=\u00a0\u00bbno\u00a0\u00bb type=\u00a0\u00bbfull_width\u00a0\u00bb angled_section=\u00a0\u00bbno\u00a0\u00bb text_align=\u00a0\u00bbleft\u00a0\u00bb background_image_as_pattern=\u00a0\u00bbwithout_pattern\u00a0\u00bb][vc_column][vc_column_text]POLITIQUE DE CONFIDENTIALIT\u00c9 INFORMATIONS \u00c0 L\u2019UTILISATEUR Qui est le responsable du traitement de vos donn\u00e9es personnelles\u00a0? ZARAGOZ\u00c1 MEDIENERCO,S.L.U est le RESPONSABLE du traitement des donn\u00e9es personnelles de L\u2019UTILISATEUR, et vous informe que ces donn\u00e9es seront trait\u00e9es conform\u00e9ment aux...","og_url":"https:\/\/www.grupozaragoza.com\/fr\/politique-de-confidentialite\/","og_site_name":"GRUPO ZARAGOZ\u00c1","article_modified_time":"2022-04-13T06:53:20+00:00","twitter_card":"summary_large_image","twitter_misc":{"Dur\u00e9e de lecture estim\u00e9e":"4 minutes"},"schema":{"@context":"https:\/\/schema.org","@graph":[{"@type":"WebPage","@id":"https:\/\/www.grupozaragoza.com\/fr\/politique-de-confidentialite\/","url":"https:\/\/www.grupozaragoza.com\/fr\/politique-de-confidentialite\/","name":"POLITIQUE DE CONFIDENTIALIT\u00c9 - GRUPO ZARAGOZ\u00c1","isPartOf":{"@id":"https:\/\/www.grupozaragoza.com\/#website"},"datePublished":"2022-04-13T06:46:16+00:00","dateModified":"2022-04-13T06:53:20+00:00","breadcrumb":{"@id":"https:\/\/www.grupozaragoza.com\/fr\/politique-de-confidentialite\/#breadcrumb"},"inLanguage":"fr-FR","potentialAction":[{"@type":"ReadAction","target":["https:\/\/www.grupozaragoza.com\/fr\/politique-de-confidentialite\/"]}]},{"@type":"BreadcrumbList","@id":"https:\/\/www.grupozaragoza.com\/fr\/politique-de-confidentialite\/#breadcrumb","itemListElement":[{"@type":"ListItem","position":1,"name":"Portada","item":"https:\/\/www.grupozaragoza.com\/fr\/"},{"@type":"ListItem","position":2,"name":"POLITIQUE DE CONFIDENTIALIT\u00c9"}]},{"@type":"WebSite","@id":"https:\/\/www.grupozaragoza.com\/#website","url":"https:\/\/www.grupozaragoza.com\/","name":"GRUPO ZARAGOZ\u00c1","description":"Ingenieria &amp; Arquitectura Creativa","publisher":{"@id":"https:\/\/www.grupozaragoza.com\/#organization"},"potentialAction":[{"@type":"SearchAction","target":{"@type":"EntryPoint","urlTemplate":"https:\/\/www.grupozaragoza.com\/?s={search_term_string}"},"query-input":{"@type":"PropertyValueSpecification","valueRequired":true,"valueName":"search_term_string"}}],"inLanguage":"fr-FR"},{"@type":"Organization","@id":"https:\/\/www.grupozaragoza.com\/#organization","name":"GRUPO ZARAGOZ\u00c1","url":"https:\/\/www.grupozaragoza.com\/","logo":{"@type":"ImageObject","inLanguage":"fr-FR","@id":"https:\/\/www.grupozaragoza.com\/#\/schema\/logo\/image\/","url":"https:\/\/www.grupozaragoza.com\/wp-content\/uploads\/2017\/08\/logo_zaragoza.png","contentUrl":"https:\/\/www.grupozaragoza.com\/wp-content\/uploads\/2017\/08\/logo_zaragoza.png","width":676,"height":180,"caption":"GRUPO ZARAGOZ\u00c1"},"image":{"@id":"https:\/\/www.grupozaragoza.com\/#\/schema\/logo\/image\/"},"sameAs":["https:\/\/www.linkedin.com\/company\/grupozaragoza\/","https:\/\/www.instagram.com\/grupozaragoza_com\/"]}]}},"_links":{"self":[{"href":"https:\/\/www.grupozaragoza.com\/fr\/wp-json\/wp\/v2\/pages\/9508","targetHints":{"allow":["GET"]}}],"collection":[{"href":"https:\/\/www.grupozaragoza.com\/fr\/wp-json\/wp\/v2\/pages"}],"about":[{"href":"https:\/\/www.grupozaragoza.com\/fr\/wp-json\/wp\/v2\/types\/page"}],"author":[{"embeddable":true,"href":"https:\/\/www.grupozaragoza.com\/fr\/wp-json\/wp\/v2\/users\/4"}],"replies":[{"embeddable":true,"href":"https:\/\/www.grupozaragoza.com\/fr\/wp-json\/wp\/v2\/comments?post=9508"}],"version-history":[{"count":4,"href":"https:\/\/www.grupozaragoza.com\/fr\/wp-json\/wp\/v2\/pages\/9508\/revisions"}],"predecessor-version":[{"id":9517,"href":"https:\/\/www.grupozaragoza.com\/fr\/wp-json\/wp\/v2\/pages\/9508\/revisions\/9517"}],"wp:attachment":[{"href":"https:\/\/www.grupozaragoza.com\/fr\/wp-json\/wp\/v2\/media?parent=9508"}],"curies":[{"name":"wp","href":"https:\/\/api.w.org\/{rel}","templated":true}]}}