{"id":8865,"date":"2018-08-03T08:07:36","date_gmt":"2018-08-03T08:07:36","guid":{"rendered":"http:\/\/www.grupozaragoza.com\/?page_id=8865"},"modified":"2022-04-13T06:25:34","modified_gmt":"2022-04-13T06:25:34","slug":"informations-sur-la-protection-des-donnees","status":"publish","type":"page","link":"https:\/\/www.grupozaragoza.com\/fr\/informations-sur-la-protection-des-donnees\/","title":{"rendered":"Informations sur la protection des donn\u00e9es"},"content":{"rendered":"<div class=\"wpb-content-wrapper\"><p>[vc_row css_animation=\u00a0\u00bb\u00a0\u00bb row_type=\u00a0\u00bbrow\u00a0\u00bb use_row_as_full_screen_section=\u00a0\u00bbno\u00a0\u00bb type=\u00a0\u00bbfull_width\u00a0\u00bb angled_section=\u00a0\u00bbno\u00a0\u00bb text_align=\u00a0\u00bbleft\u00a0\u00bb background_image_as_pattern=\u00a0\u00bbwithout_pattern\u00a0\u00bb][vc_column][vc_column_text]<strong>CONSENTEMENT AU TRAITEMENT DES DONN\u00c9ES PERSONNELLES<\/strong><\/p>\n<p><strong>ZARAGOZ\u00c1 MEDIENERCO,S.L.U <\/strong>est le Responsable du traitement des donn\u00e9es personnelles de l\u2019Utilisateur, et l\u2019informe que ces donn\u00e9es seront trait\u00e9es conform\u00e9ment aux dispositions du R\u00e8glement (UE) 2016\/679, du 27 avril (RGPD), et de la Loi organique 3\/2018, du 5 d\u00e9cembre (LOPDGDD), si bien que les informations suivantes sur le traitement sont fournies\u00a0:<\/p>\n<p><strong>Fins et l\u00e9gitimation du traitement\u00a0<\/strong>: entretenir une relation commerciale (pour l\u2019int\u00e9r\u00eat l\u00e9gitime du responsable, art. 6.1.f RGPD) et envoi de communications de produits ou de services (avec le consentement de la personne concern\u00e9e, art. 6.1.a RGPD).<\/p>\n<p><strong>Crit\u00e8res de conservation des donn\u00e9es\u00a0<\/strong>: elles seront conserv\u00e9es plus longtemps que n\u00e9cessaire pour poursuivre la fin de traitement, ou en cas de prescriptions l\u00e9gales qui dictent leur conservation et d\u00e8s que cela ne sera plus n\u00e9cessaire, elles seront supprim\u00e9es avec des moyens de s\u00e9curit\u00e9 ad\u00e9quats pour garantir la mise sous forme anonyme des donn\u00e9es ou la destruction totale de celles-ci.<\/p>\n<p><strong>Communication des donn\u00e9es\u00a0<\/strong>: sauf obligation l\u00e9gale, les donn\u00e9es ne seront pas communiqu\u00e9es \u00e0 des tiers.<\/p>\n<p><strong>Droits qui reviennent \u00e0 l\u2019Utilisateur\u00a0:<\/strong><\/p>\n<ul>\n<li>Droit de r\u00e9voquer le consentement \u00e0 tout moment.<\/li>\n<li>Droit d\u2019acc\u00e8s, de rectification, de portabilit\u00e9 et de suppression de ses donn\u00e9es, et de limitation ou d\u2019opposition \u00e0 leur traitement.<\/li>\n<li>Droit de d\u00e9poser une r\u00e9clamation devant l\u2019Autorit\u00e9 de contr\u00f4le (<a href=\"http:\/\/www.aepd.es\">aepd.es<\/a>) si le traitement est consid\u00e9r\u00e9 comme non conforme \u00e0 la r\u00e9glementation en vigueur.<\/li>\n<\/ul>\n<p><strong>Coordonn\u00e9es pour exercer vos droits\u00a0:<\/strong><\/p>\n<p>ZARAGOZ\u00c1 MEDIENERCO,S.L.U. C\/ CRONISTA CARRERES, 11 3\u00ba A &#8211; 46003 VAL\u00c8NCIA<\/p>\n<p>(Val\u00e8ncia), Espagne. Courriel\u00a0: <a href=\"mailto:info@grupozaragoza.com\">info@grupozaragoza.com<\/a><\/p>\n<p>Pour continuer, il faut avoir lu et \u00eatre d\u2019accord avec la clause ant\u00e9rieure.[\/vc_column_text][\/vc_column][\/vc_row]<\/p>\n<\/div>","protected":false},"excerpt":{"rendered":"<p>[vc_row css_animation=\u00a0\u00bb\u00a0\u00bb row_type=\u00a0\u00bbrow\u00a0\u00bb use_row_as_full_screen_section=\u00a0\u00bbno\u00a0\u00bb type=\u00a0\u00bbfull_width\u00a0\u00bb angled_section=\u00a0\u00bbno\u00a0\u00bb text_align=\u00a0\u00bbleft\u00a0\u00bb background_image_as_pattern=\u00a0\u00bbwithout_pattern\u00a0\u00bb][vc_column][vc_column_text]CONSENTEMENT AU TRAITEMENT DES DONN\u00c9ES PERSONNELLES ZARAGOZ\u00c1 MEDIENERCO,S.L.U est le Responsable du traitement des donn\u00e9es personnelles de l\u2019Utilisateur, et l\u2019informe que ces donn\u00e9es seront trait\u00e9es conform\u00e9ment aux dispositions du R\u00e8glement (UE) 2016\/679, du 27 avril (RGPD), et de&#8230;<\/p>\n","protected":false},"author":4,"featured_media":0,"parent":0,"menu_order":0,"comment_status":"closed","ping_status":"closed","template":"","meta":{"_acf_changed":false,"footnotes":""},"class_list":["post-8865","page","type-page","status-publish","hentry"],"acf":[],"yoast_head":"<!-- This site is optimized with the Yoast SEO plugin v26.8 - https:\/\/yoast.com\/product\/yoast-seo-wordpress\/ -->\n<title>Informations sur la protection des donn\u00e9es - GRUPO ZARAGOZ\u00c1<\/title>\n<meta name=\"robots\" content=\"index, follow, max-snippet:-1, max-image-preview:large, max-video-preview:-1\" \/>\n<link rel=\"canonical\" href=\"https:\/\/www.grupozaragoza.com\/fr\/informations-sur-la-protection-des-donnees\/\" \/>\n<meta property=\"og:locale\" content=\"fr_FR\" \/>\n<meta property=\"og:type\" content=\"article\" \/>\n<meta property=\"og:title\" content=\"Informations sur la protection des donn\u00e9es - GRUPO ZARAGOZ\u00c1\" \/>\n<meta property=\"og:description\" content=\"[vc_row css_animation=\u00a0\u00bb\u00a0\u00bb row_type=\u00a0\u00bbrow\u00a0\u00bb use_row_as_full_screen_section=\u00a0\u00bbno\u00a0\u00bb type=\u00a0\u00bbfull_width\u00a0\u00bb angled_section=\u00a0\u00bbno\u00a0\u00bb text_align=\u00a0\u00bbleft\u00a0\u00bb background_image_as_pattern=\u00a0\u00bbwithout_pattern\u00a0\u00bb][vc_column][vc_column_text]CONSENTEMENT AU TRAITEMENT DES DONN\u00c9ES PERSONNELLES ZARAGOZ\u00c1 MEDIENERCO,S.L.U est le Responsable du traitement des donn\u00e9es personnelles de l\u2019Utilisateur, et l\u2019informe que ces donn\u00e9es seront trait\u00e9es conform\u00e9ment aux dispositions du R\u00e8glement (UE) 2016\/679, du 27 avril (RGPD), et de...\" \/>\n<meta property=\"og:url\" content=\"https:\/\/www.grupozaragoza.com\/fr\/informations-sur-la-protection-des-donnees\/\" \/>\n<meta property=\"og:site_name\" content=\"GRUPO ZARAGOZ\u00c1\" \/>\n<meta property=\"article:modified_time\" content=\"2022-04-13T06:25:34+00:00\" \/>\n<meta name=\"twitter:card\" content=\"summary_large_image\" \/>\n<meta name=\"twitter:label1\" content=\"Dur\u00e9e de lecture estim\u00e9e\" \/>\n\t<meta name=\"twitter:data1\" content=\"2 minutes\" \/>\n<script type=\"application\/ld+json\" class=\"yoast-schema-graph\">{\"@context\":\"https:\/\/schema.org\",\"@graph\":[{\"@type\":\"WebPage\",\"@id\":\"https:\/\/www.grupozaragoza.com\/fr\/informations-sur-la-protection-des-donnees\/\",\"url\":\"https:\/\/www.grupozaragoza.com\/fr\/informations-sur-la-protection-des-donnees\/\",\"name\":\"Informations sur la protection des donn\u00e9es - GRUPO ZARAGOZ\u00c1\",\"isPartOf\":{\"@id\":\"https:\/\/www.grupozaragoza.com\/#website\"},\"datePublished\":\"2018-08-03T08:07:36+00:00\",\"dateModified\":\"2022-04-13T06:25:34+00:00\",\"breadcrumb\":{\"@id\":\"https:\/\/www.grupozaragoza.com\/fr\/informations-sur-la-protection-des-donnees\/#breadcrumb\"},\"inLanguage\":\"fr-FR\",\"potentialAction\":[{\"@type\":\"ReadAction\",\"target\":[\"https:\/\/www.grupozaragoza.com\/fr\/informations-sur-la-protection-des-donnees\/\"]}]},{\"@type\":\"BreadcrumbList\",\"@id\":\"https:\/\/www.grupozaragoza.com\/fr\/informations-sur-la-protection-des-donnees\/#breadcrumb\",\"itemListElement\":[{\"@type\":\"ListItem\",\"position\":1,\"name\":\"Portada\",\"item\":\"https:\/\/www.grupozaragoza.com\/fr\/\"},{\"@type\":\"ListItem\",\"position\":2,\"name\":\"Informations sur la protection des donn\u00e9es\"}]},{\"@type\":\"WebSite\",\"@id\":\"https:\/\/www.grupozaragoza.com\/#website\",\"url\":\"https:\/\/www.grupozaragoza.com\/\",\"name\":\"GRUPO ZARAGOZ\u00c1\",\"description\":\"Ingenieria &amp; Arquitectura Creativa\",\"publisher\":{\"@id\":\"https:\/\/www.grupozaragoza.com\/#organization\"},\"potentialAction\":[{\"@type\":\"SearchAction\",\"target\":{\"@type\":\"EntryPoint\",\"urlTemplate\":\"https:\/\/www.grupozaragoza.com\/?s={search_term_string}\"},\"query-input\":{\"@type\":\"PropertyValueSpecification\",\"valueRequired\":true,\"valueName\":\"search_term_string\"}}],\"inLanguage\":\"fr-FR\"},{\"@type\":\"Organization\",\"@id\":\"https:\/\/www.grupozaragoza.com\/#organization\",\"name\":\"GRUPO ZARAGOZ\u00c1\",\"url\":\"https:\/\/www.grupozaragoza.com\/\",\"logo\":{\"@type\":\"ImageObject\",\"inLanguage\":\"fr-FR\",\"@id\":\"https:\/\/www.grupozaragoza.com\/#\/schema\/logo\/image\/\",\"url\":\"https:\/\/www.grupozaragoza.com\/wp-content\/uploads\/2017\/08\/logo_zaragoza.png\",\"contentUrl\":\"https:\/\/www.grupozaragoza.com\/wp-content\/uploads\/2017\/08\/logo_zaragoza.png\",\"width\":676,\"height\":180,\"caption\":\"GRUPO ZARAGOZ\u00c1\"},\"image\":{\"@id\":\"https:\/\/www.grupozaragoza.com\/#\/schema\/logo\/image\/\"},\"sameAs\":[\"https:\/\/www.linkedin.com\/company\/grupozaragoza\/\",\"https:\/\/www.instagram.com\/grupozaragoza_com\/\"]}]}<\/script>\n<!-- \/ Yoast SEO plugin. -->","yoast_head_json":{"title":"Informations sur la protection des donn\u00e9es - GRUPO ZARAGOZ\u00c1","robots":{"index":"index","follow":"follow","max-snippet":"max-snippet:-1","max-image-preview":"max-image-preview:large","max-video-preview":"max-video-preview:-1"},"canonical":"https:\/\/www.grupozaragoza.com\/fr\/informations-sur-la-protection-des-donnees\/","og_locale":"fr_FR","og_type":"article","og_title":"Informations sur la protection des donn\u00e9es - GRUPO ZARAGOZ\u00c1","og_description":"[vc_row css_animation=\u00a0\u00bb\u00a0\u00bb row_type=\u00a0\u00bbrow\u00a0\u00bb use_row_as_full_screen_section=\u00a0\u00bbno\u00a0\u00bb type=\u00a0\u00bbfull_width\u00a0\u00bb angled_section=\u00a0\u00bbno\u00a0\u00bb text_align=\u00a0\u00bbleft\u00a0\u00bb background_image_as_pattern=\u00a0\u00bbwithout_pattern\u00a0\u00bb][vc_column][vc_column_text]CONSENTEMENT AU TRAITEMENT DES DONN\u00c9ES PERSONNELLES ZARAGOZ\u00c1 MEDIENERCO,S.L.U est le Responsable du traitement des donn\u00e9es personnelles de l\u2019Utilisateur, et l\u2019informe que ces donn\u00e9es seront trait\u00e9es conform\u00e9ment aux dispositions du R\u00e8glement (UE) 2016\/679, du 27 avril (RGPD), et de...","og_url":"https:\/\/www.grupozaragoza.com\/fr\/informations-sur-la-protection-des-donnees\/","og_site_name":"GRUPO ZARAGOZ\u00c1","article_modified_time":"2022-04-13T06:25:34+00:00","twitter_card":"summary_large_image","twitter_misc":{"Dur\u00e9e de lecture estim\u00e9e":"2 minutes"},"schema":{"@context":"https:\/\/schema.org","@graph":[{"@type":"WebPage","@id":"https:\/\/www.grupozaragoza.com\/fr\/informations-sur-la-protection-des-donnees\/","url":"https:\/\/www.grupozaragoza.com\/fr\/informations-sur-la-protection-des-donnees\/","name":"Informations sur la protection des donn\u00e9es - GRUPO ZARAGOZ\u00c1","isPartOf":{"@id":"https:\/\/www.grupozaragoza.com\/#website"},"datePublished":"2018-08-03T08:07:36+00:00","dateModified":"2022-04-13T06:25:34+00:00","breadcrumb":{"@id":"https:\/\/www.grupozaragoza.com\/fr\/informations-sur-la-protection-des-donnees\/#breadcrumb"},"inLanguage":"fr-FR","potentialAction":[{"@type":"ReadAction","target":["https:\/\/www.grupozaragoza.com\/fr\/informations-sur-la-protection-des-donnees\/"]}]},{"@type":"BreadcrumbList","@id":"https:\/\/www.grupozaragoza.com\/fr\/informations-sur-la-protection-des-donnees\/#breadcrumb","itemListElement":[{"@type":"ListItem","position":1,"name":"Portada","item":"https:\/\/www.grupozaragoza.com\/fr\/"},{"@type":"ListItem","position":2,"name":"Informations sur la protection des donn\u00e9es"}]},{"@type":"WebSite","@id":"https:\/\/www.grupozaragoza.com\/#website","url":"https:\/\/www.grupozaragoza.com\/","name":"GRUPO ZARAGOZ\u00c1","description":"Ingenieria &amp; Arquitectura Creativa","publisher":{"@id":"https:\/\/www.grupozaragoza.com\/#organization"},"potentialAction":[{"@type":"SearchAction","target":{"@type":"EntryPoint","urlTemplate":"https:\/\/www.grupozaragoza.com\/?s={search_term_string}"},"query-input":{"@type":"PropertyValueSpecification","valueRequired":true,"valueName":"search_term_string"}}],"inLanguage":"fr-FR"},{"@type":"Organization","@id":"https:\/\/www.grupozaragoza.com\/#organization","name":"GRUPO ZARAGOZ\u00c1","url":"https:\/\/www.grupozaragoza.com\/","logo":{"@type":"ImageObject","inLanguage":"fr-FR","@id":"https:\/\/www.grupozaragoza.com\/#\/schema\/logo\/image\/","url":"https:\/\/www.grupozaragoza.com\/wp-content\/uploads\/2017\/08\/logo_zaragoza.png","contentUrl":"https:\/\/www.grupozaragoza.com\/wp-content\/uploads\/2017\/08\/logo_zaragoza.png","width":676,"height":180,"caption":"GRUPO ZARAGOZ\u00c1"},"image":{"@id":"https:\/\/www.grupozaragoza.com\/#\/schema\/logo\/image\/"},"sameAs":["https:\/\/www.linkedin.com\/company\/grupozaragoza\/","https:\/\/www.instagram.com\/grupozaragoza_com\/"]}]}},"_links":{"self":[{"href":"https:\/\/www.grupozaragoza.com\/fr\/wp-json\/wp\/v2\/pages\/8865","targetHints":{"allow":["GET"]}}],"collection":[{"href":"https:\/\/www.grupozaragoza.com\/fr\/wp-json\/wp\/v2\/pages"}],"about":[{"href":"https:\/\/www.grupozaragoza.com\/fr\/wp-json\/wp\/v2\/types\/page"}],"author":[{"embeddable":true,"href":"https:\/\/www.grupozaragoza.com\/fr\/wp-json\/wp\/v2\/users\/4"}],"replies":[{"embeddable":true,"href":"https:\/\/www.grupozaragoza.com\/fr\/wp-json\/wp\/v2\/comments?post=8865"}],"version-history":[{"count":25,"href":"https:\/\/www.grupozaragoza.com\/fr\/wp-json\/wp\/v2\/pages\/8865\/revisions"}],"predecessor-version":[{"id":9498,"href":"https:\/\/www.grupozaragoza.com\/fr\/wp-json\/wp\/v2\/pages\/8865\/revisions\/9498"}],"wp:attachment":[{"href":"https:\/\/www.grupozaragoza.com\/fr\/wp-json\/wp\/v2\/media?parent=8865"}],"curies":[{"name":"wp","href":"https:\/\/api.w.org\/{rel}","templated":true}]}}