{"id":4699,"date":"2016-02-10T08:59:44","date_gmt":"2016-02-10T08:59:44","guid":{"rendered":"http:\/\/www.grupozaragoza.com\/home\/"},"modified":"2025-09-19T11:54:50","modified_gmt":"2025-09-19T10:54:50","slug":"home-2","status":"publish","type":"page","link":"https:\/\/www.grupozaragoza.com\/fr\/","title":{"rendered":"Home"},"content":{"rendered":"<div class=\"wpb-content-wrapper\"><p>[vc_row css_animation=\u00a0\u00bb\u00a0\u00bb row_type=\u00a0\u00bbrow\u00a0\u00bb use_row_as_full_screen_section=\u00a0\u00bbno\u00a0\u00bb type=\u00a0\u00bbgrid\u00a0\u00bb angled_section=\u00a0\u00bbno\u00a0\u00bb text_align=\u00a0\u00bbleft\u00a0\u00bb background_image_as_pattern=\u00a0\u00bbwithout_pattern\u00a0\u00bb el_class=\u00a0\u00bbmod_block sectionHome__boxesIntro\u00a0\u00bb][vc_column width=\u00a0\u00bb1\/3&Prime;]<div class='q_icon_with_title tiny normal_icon'><div class=\"icon_holder \" style=\" \"><span data-icon-type=\"normal\"   style=\"font-size: 40px;\" class=\"qode_iwt_icon_holder q_font_awsome_icon fa-lg \"><i class=\"qodef-icon-linea-icon icon-basic-paperplane qode_iwt_icon_element\" style=\"color: #3d7099;\" ><\/i><\/span><\/div><div class=\"icon_text_holder\" style=\"padding-left:72px;\"><div class=\"icon_text_inner\" style=\"\"><h3 class=\"icon_title\" style=\"font-weight: 700;\">Le d\u00e9veloppement<\/h3>[vc_separator type=\"small\" position=\"left\" color=\"\" thickness=\"2\" width=\"20\" up=\"7\" down=\"21\"]<p style=''>Le GRUPO ZARAGOZ\u00c1 offre diff\u00e9rents services de d\u00e9veloppement de projets qui servent comme support aux investisseurs comme aux clients particuliers ou gouvernements dans l\u2019obtention de leurs objectifs \u00e9nerg\u00e9tiques.<\/p><a itemprop='url' class='icon_with_title_link' href='\/fr\/energias-renovables\/developpement\/' target='_self' style='color: #3d7099;'>PLUS D'INFORMATIONS<\/a><\/div><\/div><\/div>[\/vc_column][vc_column width=\u00a0\u00bb1\/3&Prime;]<div class='q_icon_with_title tiny normal_icon'><div class=\"icon_holder \" style=\" \"><span data-icon-type=\"normal\"   style=\"font-size: 40px;\" class=\"qode_iwt_icon_holder q_font_awsome_icon fa-lg \"><i class=\"qodef-icon-linea-icon icon-basic-home qode_iwt_icon_element\" style=\"color: #3d7099;\" ><\/i><\/span><\/div><div class=\"icon_text_holder\" style=\"padding-left:72px;\"><div class=\"icon_text_inner\" style=\"\"><h3 class=\"icon_title\" style=\"font-weight: 700;\">EPC<\/h3>[vc_separator type=\"small\" position=\"left\" color=\"\" thickness=\"2\" width=\"20\" up=\"7\" down=\"21\"]<p style=''>Le GRUPO ZARAGOZ\u00c1 est sp\u00e9cialis\u00e9 dans le d\u00e9veloppement et la production de projets d\u2019ing\u00e9nierie \u00ab cl\u00e9 en main \u00bb sur un terrain ou un toit dans le monde entier.<\/p><a itemprop='url' class='icon_with_title_link' href='\/fr\/energie-renouvelable\/construction-epc\/' target='_self' style='color: #3d7099;'>PLUS D'INFORMATIONS<\/a><\/div><\/div><\/div>[\/vc_column][vc_column width=\u00a0\u00bb1\/3&Prime;]<div class='q_icon_with_title tiny normal_icon'><div class=\"icon_holder \" style=\" \"><span data-icon-type=\"normal\"   style=\"font-size: 40px;\" class=\"qode_iwt_icon_holder q_font_awsome_icon fa-lg \"><i class=\"qodef-icon-linea-icon icon-basic-settings qode_iwt_icon_element\" style=\"color: #3d7099;\" ><\/i><\/span><\/div><div class=\"icon_text_holder\" style=\"padding-left:72px;\"><div class=\"icon_text_inner\" style=\"\"><h3 class=\"icon_title\" style=\"font-weight: 700;\">O&amp;M<\/h3>[vc_separator type=\"small\" position=\"left\" color=\"\" thickness=\"2\" width=\"20\" up=\"7\" down=\"21\"]<p style=''>Notre objectif dans les op\u00e9rations de maintenance est de conserver les installations en fonctionnement dans des conditions parfaites durant les 365 jours de l\u2019ann\u00e9e.<\/p><a itemprop='url' class='icon_with_title_link' href='\/fr\/energie-renouvelable\/om\/' target='_self' style='color: #3d7099;'>PLUS D'INFORMATIONS<\/a><\/div><\/div><\/div>[\/vc_column][\/vc_row][vc_row css_animation=\u00a0\u00bb\u00a0\u00bb row_type=\u00a0\u00bbrow\u00a0\u00bb use_row_as_full_screen_section=\u00a0\u00bbno\u00a0\u00bb type=\u00a0\u00bbgrid\u00a0\u00bb angled_section=\u00a0\u00bbno\u00a0\u00bb text_align=\u00a0\u00bbcenter\u00a0\u00bb background_image_as_pattern=\u00a0\u00bbwithout_pattern\u00a0\u00bb background_color=\u00a0\u00bb#f7f7f7&Prime; el_class=\u00a0\u00bbmod_block\u00a0\u00bb][vc_column width=\u00a0\u00bb5\/6&Prime; offset=\u00a0\u00bbvc_col-lg-offset-0 vc_col-lg-12 vc_col-md-offset-0 vc_col-md-12&Prime;][vc_column_text]<\/p>\n<h2>DERNI\u00c8RES NOUVELLES<\/h2>\n<p>[\/vc_column_text][vc_separator type=\u00a0\u00bbsmall\u00a0\u00bb position=\u00a0\u00bbcenter\u00a0\u00bb el_class=\u00a0\u00bbmb_40&Prime;]<div class='latest_post_two_holder three_columns'><ul><li class=\"clearfix\"><div class=\"latest_post_two_image with-image\"><a itemprop=\"url\" href=\"https:\/\/www.grupozaragoza.com\/fr\/nacional-fr\/nous-avons-connecte-herrera3\/\" style=\"background: url(https:\/\/www.grupozaragoza.com\/wp-content\/uploads\/2026\/03\/Herrera-scaled.jpg);\"><\/a><\/div><div class=\"latest_post_two_inner\" ><div class=\"latest_post_two_text\"><h5 itemprop=\"name\" class=\"latest_post_two_title entry_title\"><a itemprop=\"url\" href=\"https:\/\/www.grupozaragoza.com\/fr\/nacional-fr\/nous-avons-connecte-herrera3\/\" >NOUS AVONS CONNECT\u00c9 HERRERA III AU R\u00c9SEAU EN PROVINCE DE PALENCIA<\/a><\/h5><div class=\"separator small left \" ><\/div><p itemprop=\"description\" class=\"latest_post_two_excerpt\" >\u00c0 la fin du mois d\u2019ao\u00fbt 2025, notre \u00e9quipe a proc\u00e9d\u00e9 \u00e0 la mise sous tension des centrales GRIJOTA I (51,9 MWp) et GRIJOTA II (52,9 MWp), situ\u00e9es \u00e0 Palencia.<\/p><\/div><div class=\"latest_post_two_info\" style='border-color: #e0e0e0;'><div class=\"latest_post_two_info_inner\" style='color: #303030;'><div class=\"post_info_author\"><img alt='Author Image' src='https:\/\/secure.gravatar.com\/avatar\/33f112a6621197994ea1e32ea1b347ad45be37f5a9512f0de4b7600bbc051dc4?s=30&#038;d=mm&#038;r=g' srcset='https:\/\/secure.gravatar.com\/avatar\/33f112a6621197994ea1e32ea1b347ad45be37f5a9512f0de4b7600bbc051dc4?s=60&#038;d=mm&#038;r=g 2x' class='avatar avatar-30 photo' height='30' width='30' \/><span class=\"post_info_author_name\">MARKETING<\/span><\/div><div itemprop=\"dateCreated\" class=\"post_info_date entry_date updated\">17 mars, 2026<meta itemprop=\"interactionCount\" content=\"UserComments: <?php echo get_comments_number(qode_get_page_id()); ?>\"\/><\/div><\/div><\/div><\/div><\/li><li class=\"clearfix\"><div class=\"latest_post_two_image with-image\"><a itemprop=\"url\" href=\"https:\/\/www.grupozaragoza.com\/fr\/nacional-fr\/nous-avons-connecte-grijota1-et-grijota2\/\" style=\"background: url(https:\/\/www.grupozaragoza.com\/wp-content\/uploads\/2025\/10\/Image-9-scaled.jpg);\"><\/a><\/div><div class=\"latest_post_two_inner\" ><div class=\"latest_post_two_text\"><h5 itemprop=\"name\" class=\"latest_post_two_title entry_title\"><a itemprop=\"url\" href=\"https:\/\/www.grupozaragoza.com\/fr\/nacional-fr\/nous-avons-connecte-grijota1-et-grijota2\/\" >NOUS AVONS CONNECT\u00c9 LES CENTRALES PHOTOVOLTA\u00cfQUES GRIJOTA I (51,9 MWp) ET GRIJOTA II (52,9 MWp)<\/a><\/h5><div class=\"separator small left \" ><\/div><p itemprop=\"description\" class=\"latest_post_two_excerpt\" >\u00c0 la fin du mois d\u2019ao\u00fbt 2025, notre \u00e9quipe a proc\u00e9d\u00e9 \u00e0 la mise sous tension des centrales GRIJOTA I (51,9 MWp) et GRIJOTA II (52,9 MWp), situ\u00e9es \u00e0 Palencia.<\/p><\/div><div class=\"latest_post_two_info\" style='border-color: #e0e0e0;'><div class=\"latest_post_two_info_inner\" style='color: #303030;'><div class=\"post_info_author\"><img alt='Author Image' src='https:\/\/secure.gravatar.com\/avatar\/33f112a6621197994ea1e32ea1b347ad45be37f5a9512f0de4b7600bbc051dc4?s=30&#038;d=mm&#038;r=g' srcset='https:\/\/secure.gravatar.com\/avatar\/33f112a6621197994ea1e32ea1b347ad45be37f5a9512f0de4b7600bbc051dc4?s=60&#038;d=mm&#038;r=g 2x' class='avatar avatar-30 photo' height='30' width='30' \/><span class=\"post_info_author_name\">MARKETING<\/span><\/div><div itemprop=\"dateCreated\" class=\"post_info_date entry_date updated\">08 octobre, 2025<meta itemprop=\"interactionCount\" content=\"UserComments: <?php echo get_comments_number(qode_get_page_id()); ?>\"\/><\/div><\/div><\/div><\/div><\/li><li class=\"clearfix\"><div class=\"latest_post_two_image with-image\"><a itemprop=\"url\" href=\"https:\/\/www.grupozaragoza.com\/fr\/nacional-fr\/nous-lancons-les-travaux-de-la-centrale-ayora-i-477-mw-a-valence\/\" style=\"background: url(https:\/\/www.grupozaragoza.com\/wp-content\/uploads\/2025\/05\/20250331_114706.jpg);\"><\/a><\/div><div class=\"latest_post_two_inner\" ><div class=\"latest_post_two_text\"><h5 itemprop=\"name\" class=\"latest_post_two_title entry_title\"><a itemprop=\"url\" href=\"https:\/\/www.grupozaragoza.com\/fr\/nacional-fr\/nous-lancons-les-travaux-de-la-centrale-ayora-i-477-mw-a-valence\/\" >NOUS LAN\u00c7ONS LES TRAVAUX DE LA CENTRALE AYORA I (47,7 MW) \u00c0 VALENCE<\/a><\/h5><div class=\"separator small left \" ><\/div><p itemprop=\"description\" class=\"latest_post_two_excerpt\" >En mars 2025, chez Grupo Zaragoz\u00e1, nous avons lanc\u00e9 les travaux de construction de notre nouvelle centrale solaire AYORA I, situ\u00e9e entre les communes de Jarafuel et Zarra, <\/p><\/div><div class=\"latest_post_two_info\" style='border-color: #e0e0e0;'><div class=\"latest_post_two_info_inner\" style='color: #303030;'><div class=\"post_info_author\"><img alt='Author Image' src='https:\/\/secure.gravatar.com\/avatar\/33f112a6621197994ea1e32ea1b347ad45be37f5a9512f0de4b7600bbc051dc4?s=30&#038;d=mm&#038;r=g' srcset='https:\/\/secure.gravatar.com\/avatar\/33f112a6621197994ea1e32ea1b347ad45be37f5a9512f0de4b7600bbc051dc4?s=60&#038;d=mm&#038;r=g 2x' class='avatar avatar-30 photo' height='30' width='30' \/><span class=\"post_info_author_name\">MARKETING<\/span><\/div><div itemprop=\"dateCreated\" class=\"post_info_date entry_date updated\">14 mai, 2025<meta itemprop=\"interactionCount\" content=\"UserComments: <?php echo get_comments_number(qode_get_page_id()); ?>\"\/><\/div><\/div><\/div><\/div><\/li><\/ul><\/div>[\/vc_column][\/vc_row][vc_row css_animation=\u00a0\u00bb\u00a0\u00bb row_type=\u00a0\u00bbrow\u00a0\u00bb use_row_as_full_screen_section=\u00a0\u00bbno\u00a0\u00bb type=\u00a0\u00bbfull_width\u00a0\u00bb angled_section=\u00a0\u00bbno\u00a0\u00bb text_align=\u00a0\u00bbleft\u00a0\u00bb background_image_as_pattern=\u00a0\u00bbwithout_pattern\u00a0\u00bb el_class=\u00a0\u00bbpt_40 pb_0&Prime; css=\u00a0\u00bb.vc_custom_1499857436911{background-color: #313234 !important;}\u00a0\u00bb][vc_column][vc_column_text]<\/p>\n<h2 style=\"text-align: center;\"><span style=\"color: #ffffff;\">Derniers Projets<\/span><\/h2>\n<p>[\/vc_column_text][vc_separator type=\u00a0\u00bbsmall\u00a0\u00bb position=\u00a0\u00bbcenter\u00a0\u00bb][vc_row_inner row_type=\u00a0\u00bbrow\u00a0\u00bb type=\u00a0\u00bbfull_width\u00a0\u00bb text_align=\u00a0\u00bbleft\u00a0\u00bb css_animation=\u00a0\u00bb\u00a0\u00bb][vc_column_inner][vc_column_text]<div class='projects_holder_outer v4 portfolio_with_space portfolio_with_hover_text'><div class='filter_outer'><div class='filter_holder 3'>\n\t                            <ul>\n\t                            <li class='filter' data-filter='all'><span>All<\/span><\/li><li class='filter' data-filter='portfolio_category_136'><span>Espagne<\/span><\/li><li class='filter' data-filter='portfolio_category_142'><span>Italie<\/span><\/li><li class='filter' data-filter='portfolio_category_139'><span>Angleterre<\/span><\/li><\/ul><\/div><\/div><div class='projects_holder portfolio_main_holder clearfix v4 hover_text portfolio_square_image portfolio_one_by_one'>\n<article data-date='20240402' class='mix portfolio_category_136 portfolio_category_133 ' style=''><div class=\"item_holder grayscale\"><div class=\"text_holder\"><div class=\"text_holder_outer\"><div class=\"text_holder_inner\"><h5 itemprop=\"name\" class=\"portfolio_title entry_title\"><a itemprop=\"url\" href=\"https:\/\/www.grupozaragoza.com\/fr\/project\/pinatar\/\" >Pinatar<\/a><\/h5><div style=\"background-color: #dd5f5f\" class=\"portfolio_separator separator  small center\"><\/div><p class=\"portfolio_power\">102 MWp<\/p><span class=\"project_category\" ><span class=\"portfolio_categories_item\"><a href=\"https:\/\/www.grupozaragoza.com\/fr\/portfolio-category\/construction-epc-fr\/\">Construction - EPC<\/a><span class=\"portfolio_categories_subitem\"><a href=\"https:\/\/www.grupozaragoza.com\/fr\/portfolio-category\/espagne\/\"> \/ Espagne<\/a><\/span><\/span><\/span><\/div><\/div><\/div><a itemprop=\"url\" class=\"portfolio_link_class\" title=\"Pinatar\" href=\"https:\/\/www.grupozaragoza.com\/fr\/project\/pinatar\/\"><\/a><div  class=\"portfolio_shader\"><\/div><div class=\"image_holder 4\"><span class=\"image\" style=\"background:url(https:\/\/www.grupozaragoza.com\/wp-content\/uploads\/2025\/05\/Pinatar-570x570.png) 0 0 no-repeat;\"><\/span><\/div><\/div><\/article>\n<article data-date='20250822' class='mix portfolio_category_136 portfolio_category_133 ' style=''><div class=\"item_holder grayscale\"><div class=\"text_holder\"><div class=\"text_holder_outer\"><div class=\"text_holder_inner\"><h5 itemprop=\"name\" class=\"portfolio_title entry_title\"><a itemprop=\"url\" href=\"https:\/\/www.grupozaragoza.com\/fr\/project\/grijota-ii\/\" >Grijota II<\/a><\/h5><div style=\"background-color: #dd5f5f\" class=\"portfolio_separator separator  small center\"><\/div><p class=\"portfolio_power\">53 MWp<\/p><span class=\"project_category\" ><span class=\"portfolio_categories_item\"><a href=\"https:\/\/www.grupozaragoza.com\/fr\/portfolio-category\/construction-epc-fr\/\">Construction - EPC<\/a><span class=\"portfolio_categories_subitem\"><a href=\"https:\/\/www.grupozaragoza.com\/fr\/portfolio-category\/espagne\/\"> \/ Espagne<\/a><\/span><\/span><\/span><\/div><\/div><\/div><a itemprop=\"url\" class=\"portfolio_link_class\" title=\"Grijota II\" href=\"https:\/\/www.grupozaragoza.com\/fr\/project\/grijota-ii\/\"><\/a><div  class=\"portfolio_shader\"><\/div><div class=\"image_holder 4\"><span class=\"image\" style=\"background:url(https:\/\/www.grupozaragoza.com\/wp-content\/uploads\/2025\/05\/DJI_20250930104817_0017_D-570x570.jpg) 0 0 no-repeat;\"><\/span><\/div><\/div><\/article>\n<article data-date='20250822' class='mix portfolio_category_136 portfolio_category_145 portfolio_category_151 portfolio_category_133 ' style=''><div class=\"item_holder grayscale\"><div class=\"text_holder\"><div class=\"text_holder_outer\"><div class=\"text_holder_inner\"><h5 itemprop=\"name\" class=\"portfolio_title entry_title\"><a itemprop=\"url\" href=\"https:\/\/www.grupozaragoza.com\/fr\/project\/grijota-i\/\" >Grijota I<\/a><\/h5><div style=\"background-color: #dd5f5f\" class=\"portfolio_separator separator  small center\"><\/div><p class=\"portfolio_power\">52 MWp<\/p><span class=\"project_category\" ><span class=\"portfolio_categories_item\"><a href=\"https:\/\/www.grupozaragoza.com\/fr\/portfolio-category\/om-fr\/\">O&amp;M<\/a><span class=\"portfolio_categories_subitem\"><a href=\"https:\/\/www.grupozaragoza.com\/fr\/portfolio-category\/espagne-om-fr\/\"> \/ Espagne<\/a><\/span><\/span><span class=\"portfolio_categories_item\"><a href=\"https:\/\/www.grupozaragoza.com\/fr\/portfolio-category\/construction-epc-fr\/\">Construction - EPC<\/a><span class=\"portfolio_categories_subitem\"><a href=\"https:\/\/www.grupozaragoza.com\/fr\/portfolio-category\/espagne\/\"> \/ Espagne<\/a><\/span><\/span><\/span><\/div><\/div><\/div><a itemprop=\"url\" class=\"portfolio_link_class\" title=\"Grijota I\" href=\"https:\/\/www.grupozaragoza.com\/fr\/project\/grijota-i\/\"><\/a><div  class=\"portfolio_shader\"><\/div><div class=\"image_holder 4\"><span class=\"image\" style=\"background:url(https:\/\/www.grupozaragoza.com\/wp-content\/uploads\/2023\/10\/DJI_20250930123553_0067_D-570x570.jpg) 0 0 no-repeat;\"><\/span><\/div><\/div><\/article>\n<article data-date='20240605' class='mix portfolio_category_136 portfolio_category_145 portfolio_category_151 portfolio_category_133 ' style=''><div class=\"item_holder grayscale\"><div class=\"text_holder\"><div class=\"text_holder_outer\"><div class=\"text_holder_inner\"><h5 itemprop=\"name\" class=\"portfolio_title entry_title\"><a itemprop=\"url\" href=\"https:\/\/www.grupozaragoza.com\/fr\/project\/talayuela-iii\/\" >Talayuela III<\/a><\/h5><div style=\"background-color: #dd5f5f\" class=\"portfolio_separator separator  small center\"><\/div><p class=\"portfolio_power\">21 MWp<\/p><span class=\"project_category\" ><span class=\"portfolio_categories_item\"><a href=\"https:\/\/www.grupozaragoza.com\/fr\/portfolio-category\/om-fr\/\">O&amp;M<\/a><span class=\"portfolio_categories_subitem\"><a href=\"https:\/\/www.grupozaragoza.com\/fr\/portfolio-category\/espagne-om-fr\/\"> \/ Espagne<\/a><\/span><\/span><span class=\"portfolio_categories_item\"><a href=\"https:\/\/www.grupozaragoza.com\/fr\/portfolio-category\/construction-epc-fr\/\">Construction - EPC<\/a><span class=\"portfolio_categories_subitem\"><a href=\"https:\/\/www.grupozaragoza.com\/fr\/portfolio-category\/espagne\/\"> \/ Espagne<\/a><\/span><\/span><\/span><\/div><\/div><\/div><a itemprop=\"url\" class=\"portfolio_link_class\" title=\"Talayuela III\" href=\"https:\/\/www.grupozaragoza.com\/fr\/project\/talayuela-iii\/\"><\/a><div  class=\"portfolio_shader\"><\/div><div class=\"image_holder 4\"><span class=\"image\" style=\"background:url(https:\/\/www.grupozaragoza.com\/wp-content\/uploads\/2023\/07\/Talayuela-III-570x570.jpg) 0 0 no-repeat;\"><\/span><\/div><\/div><\/article>\n<article data-date='20240425' class='mix portfolio_category_136 portfolio_category_145 portfolio_category_151 portfolio_category_133 ' style=''><div class=\"item_holder grayscale\"><div class=\"text_holder\"><div class=\"text_holder_outer\"><div class=\"text_holder_inner\"><h5 itemprop=\"name\" class=\"portfolio_title entry_title\"><a itemprop=\"url\" href=\"https:\/\/www.grupozaragoza.com\/fr\/project\/villanueva-ii\/\" >Villanueva II<\/a><\/h5><div style=\"background-color: #dd5f5f\" class=\"portfolio_separator separator  small center\"><\/div><p class=\"portfolio_power\">50 MWp<\/p><span class=\"project_category\" ><span class=\"portfolio_categories_item\"><a href=\"https:\/\/www.grupozaragoza.com\/fr\/portfolio-category\/om-fr\/\">O&amp;M<\/a><span class=\"portfolio_categories_subitem\"><a href=\"https:\/\/www.grupozaragoza.com\/fr\/portfolio-category\/espagne-om-fr\/\"> \/ Espagne<\/a><\/span><\/span><span class=\"portfolio_categories_item\"><a href=\"https:\/\/www.grupozaragoza.com\/fr\/portfolio-category\/construction-epc-fr\/\">Construction - EPC<\/a><span class=\"portfolio_categories_subitem\"><a href=\"https:\/\/www.grupozaragoza.com\/fr\/portfolio-category\/espagne\/\"> \/ Espagne<\/a><\/span><\/span><\/span><\/div><\/div><\/div><a itemprop=\"url\" class=\"portfolio_link_class\" title=\"Villanueva II\" href=\"https:\/\/www.grupozaragoza.com\/fr\/project\/villanueva-ii\/\"><\/a><div  class=\"portfolio_shader\"><\/div><div class=\"image_holder 4\"><span class=\"image\" style=\"background:url(https:\/\/www.grupozaragoza.com\/wp-content\/uploads\/2023\/09\/Villanueva-II-570x570.jpg) 0 0 no-repeat;\"><\/span><\/div><\/div><\/article>\n<article data-date='20231222' class='mix portfolio_category_136 portfolio_category_145 portfolio_category_151 portfolio_category_133 ' style=''><div class=\"item_holder grayscale\"><div class=\"text_holder\"><div class=\"text_holder_outer\"><div class=\"text_holder_inner\"><h5 itemprop=\"name\" class=\"portfolio_title entry_title\"><a itemprop=\"url\" href=\"https:\/\/www.grupozaragoza.com\/fr\/project\/villanueva\/\" >Villanueva<\/a><\/h5><div style=\"background-color: #dd5f5f\" class=\"portfolio_separator separator  small center\"><\/div><p class=\"portfolio_power\">50 MWp<\/p><span class=\"project_category\" ><span class=\"portfolio_categories_item\"><a href=\"https:\/\/www.grupozaragoza.com\/fr\/portfolio-category\/om-fr\/\">O&amp;M<\/a><span class=\"portfolio_categories_subitem\"><a href=\"https:\/\/www.grupozaragoza.com\/fr\/portfolio-category\/espagne-om-fr\/\"> \/ Espagne<\/a><\/span><\/span><span class=\"portfolio_categories_item\"><a href=\"https:\/\/www.grupozaragoza.com\/fr\/portfolio-category\/construction-epc-fr\/\">Construction - EPC<\/a><span class=\"portfolio_categories_subitem\"><a href=\"https:\/\/www.grupozaragoza.com\/fr\/portfolio-category\/espagne\/\"> \/ Espagne<\/a><\/span><\/span><\/span><\/div><\/div><\/div><a itemprop=\"url\" class=\"portfolio_link_class\" title=\"Villanueva\" href=\"https:\/\/www.grupozaragoza.com\/fr\/project\/villanueva\/\"><\/a><div  class=\"portfolio_shader\"><\/div><div class=\"image_holder 4\"><span class=\"image\" style=\"background:url(https:\/\/www.grupozaragoza.com\/wp-content\/uploads\/2023\/07\/Villanueva-570x570.jpg) 0 0 no-repeat;\"><\/span><\/div><\/div><\/article>\n<article data-date='20230427' class='mix portfolio_category_136 portfolio_category_145 portfolio_category_151 portfolio_category_133 ' style=''><div class=\"item_holder grayscale\"><div class=\"text_holder\"><div class=\"text_holder_outer\"><div class=\"text_holder_inner\"><h5 itemprop=\"name\" class=\"portfolio_title entry_title\"><a itemprop=\"url\" href=\"https:\/\/www.grupozaragoza.com\/fr\/project\/villanueva-i\/\" >Villanueva I<\/a><\/h5><div style=\"background-color: #dd5f5f\" class=\"portfolio_separator separator  small center\"><\/div><p class=\"portfolio_power\">50 MWp<\/p><span class=\"project_category\" ><span class=\"portfolio_categories_item\"><a href=\"https:\/\/www.grupozaragoza.com\/fr\/portfolio-category\/om-fr\/\">O&amp;M<\/a><span class=\"portfolio_categories_subitem\"><a href=\"https:\/\/www.grupozaragoza.com\/fr\/portfolio-category\/espagne-om-fr\/\"> \/ Espagne<\/a><\/span><\/span><span class=\"portfolio_categories_item\"><a href=\"https:\/\/www.grupozaragoza.com\/fr\/portfolio-category\/construction-epc-fr\/\">Construction - EPC<\/a><span class=\"portfolio_categories_subitem\"><a href=\"https:\/\/www.grupozaragoza.com\/fr\/portfolio-category\/espagne\/\"> \/ Espagne<\/a><\/span><\/span><\/span><\/div><\/div><\/div><a itemprop=\"url\" class=\"portfolio_link_class\" title=\"Villanueva I\" href=\"https:\/\/www.grupozaragoza.com\/fr\/project\/villanueva-i\/\"><\/a><div  class=\"portfolio_shader\"><\/div><div class=\"image_holder 4\"><span class=\"image\" style=\"background:url(https:\/\/www.grupozaragoza.com\/wp-content\/uploads\/2023\/07\/DJI_0185-570x570.jpg) 0 0 no-repeat;\"><\/span><\/div><\/div><\/article>\n<article data-date='20200513' class='mix portfolio_category_136 portfolio_category_145 portfolio_category_151 portfolio_category_133 ' style=''><div class=\"item_holder grayscale\"><div class=\"text_holder\"><div class=\"text_holder_outer\"><div class=\"text_holder_inner\"><h5 itemprop=\"name\" class=\"portfolio_title entry_title\"><a itemprop=\"url\" href=\"https:\/\/www.grupozaragoza.com\/fr\/project\/campanario-i\/\" >Campanario I<\/a><\/h5><div style=\"background-color: #dd5f5f\" class=\"portfolio_separator separator  small center\"><\/div><p class=\"portfolio_power\">40 MWp<\/p><span class=\"project_category\" ><span class=\"portfolio_categories_item\"><a href=\"https:\/\/www.grupozaragoza.com\/fr\/portfolio-category\/om-fr\/\">O&amp;M<\/a><span class=\"portfolio_categories_subitem\"><a href=\"https:\/\/www.grupozaragoza.com\/fr\/portfolio-category\/espagne-om-fr\/\"> \/ Espagne<\/a><\/span><\/span><span class=\"portfolio_categories_item\"><a href=\"https:\/\/www.grupozaragoza.com\/fr\/portfolio-category\/construction-epc-fr\/\">Construction - EPC<\/a><span class=\"portfolio_categories_subitem\"><a href=\"https:\/\/www.grupozaragoza.com\/fr\/portfolio-category\/espagne\/\"> \/ Espagne<\/a><\/span><\/span><\/span><\/div><\/div><\/div><a itemprop=\"url\" class=\"portfolio_link_class\" title=\"Campanario I\" href=\"https:\/\/www.grupozaragoza.com\/fr\/project\/campanario-i\/\"><\/a><div  class=\"portfolio_shader\"><\/div><div class=\"image_holder 4\"><span class=\"image\" style=\"background:url(https:\/\/www.grupozaragoza.com\/wp-content\/uploads\/2020\/11\/1b-570x570.jpg) 0 0 no-repeat;\"><\/span><\/div><\/div><\/article>\n<div class='filler'><\/div>\n<div class='filler'><\/div>\n<div class='filler'><\/div>\n<div class='filler'><\/div>\n<\/div><\/div>[\/vc_column_text][\/vc_column_inner][\/vc_row_inner][vc_row_inner row_type=\u00a0\u00bbrow\u00a0\u00bb type=\u00a0\u00bbfull_width\u00a0\u00bb text_align=\u00a0\u00bbcenter\u00a0\u00bb css_animation=\u00a0\u00bb\u00a0\u00bb][vc_column_inner el_class=\u00a0\u00bbportfolio_list_button\u00a0\u00bb]<a  itemprop=\"url\" href=\"\/fr\/projets\" target=\"_self\"  class=\"qbutton  medium default\" style=\"\">plus de projets<\/a>[\/vc_column_inner][\/vc_row_inner][\/vc_column][\/vc_row][vc_row css_animation=\u00a0\u00bb\u00a0\u00bb row_type=\u00a0\u00bbrow\u00a0\u00bb use_row_as_full_screen_section=\u00a0\u00bbno\u00a0\u00bb type=\u00a0\u00bbgrid\u00a0\u00bb angled_section=\u00a0\u00bbno\u00a0\u00bb text_align=\u00a0\u00bbleft\u00a0\u00bb background_image_as_pattern=\u00a0\u00bbwithout_pattern\u00a0\u00bb background_color=\u00a0\u00bb#f7f7f7&Prime; el_class=\u00a0\u00bbmod_block\u00a0\u00bb][vc_column][vc_column_text]<\/p>\n<h2 style=\"text-align: center;\">Qui sommes-nous<\/h2>\n<p>[\/vc_column_text][vc_separator type=\u00a0\u00bbsmall\u00a0\u00bb position=\u00a0\u00bbcenter\u00a0\u00bb][vc_separator type=\u00a0\u00bbtransparent\u00a0\u00bb thickness=\u00a0\u00bb0&Prime; up=\u00a0\u00bb45&Prime; down=\u00a0\u00bb0&Prime;][vc_row_inner row_type=\u00a0\u00bbrow\u00a0\u00bb type=\u00a0\u00bbgrid\u00a0\u00bb text_align=\u00a0\u00bbcenter\u00a0\u00bb css_animation=\u00a0\u00bb\u00a0\u00bb el_class=\u00a0\u00bbsectionTable\u00a0\u00bb][vc_column_inner width=\u00a0\u00bb1\/2&Prime;][vc_column_text]<strong>\u00ab20 ans \u00e0 cr\u00e9er l&rsquo;histoire, tout en \u00e9tant le pr\u00e9sent et en construisant l\u2019avenir\u00bb \u00a0<\/strong>[\/vc_column_text][vc_separator type=\u00a0\u00bbtransparent\u00a0\u00bb thickness=\u00a0\u00bb0&Prime; up=\u00a0\u00bb33&Prime; down=\u00a0\u00bb0&Prime;][vc_column_text]<\/p>\n<p style=\"text-align: center;\"><strong>Grupo Zaragoz\u00e1<\/strong> est un groupe d&rsquo;entreprises qui a grandi et s&rsquo;est adapt\u00e9 aux opportunit\u00e9s commerciales qui ont \u00e9merg\u00e9.<br \/>\nNous priorisons actuellement notre activit\u00e9 sur le march\u00e9 des \u00e9nergies renouvelables, plus sp\u00e9cifiquement dans le d\u00e9veloppement, la construction et la maintenance de centrales photovolta\u00efques en Espagne, en Italie et en Gr\u00e8ce.<\/p>\n<p style=\"text-align: center;\">Nous maintenons une croissance soutenue et rentable bas\u00e9e sur notre philosophie personnelle de service et de qualit\u00e9, un engagement social fort et une strat\u00e9gie commerciale innovante.<\/p>\n<p style=\"text-align: center;\">Notre mission est de favoriser la transition vers une \u00e9nergie plus durable, en r\u00e9duisant l&#8217;empreinte carbone et en fournissant des solutions rentables \u00e0 nos clients.<\/p>\n<p style=\"text-align: center;\">En d\u00e9finitive, le travail de <strong>Grupo Zaragoz\u00e1<\/strong> a un impact positif sur la soci\u00e9t\u00e9 au niveau environnemental, \u00e9conomique et social, et d\u00e9montre notre engagement envers la durabilit\u00e9 et le bien-\u00eatre de la communaut\u00e9.<\/p>\n<p>[\/vc_column_text][vc_separator type=\u00a0\u00bbtransparent\u00a0\u00bb up=\u00a0\u00bb30&Prime;]<a  itemprop=\"url\" href=\"\/fr\/grupo-zaragoza\/\" target=\"_self\"  class=\"qbutton  medium center default\" style=\"\">Plus d'informations<\/a>[\/vc_column_inner][vc_column_inner width=\u00a0\u00bb1\/2&Prime;][vc_single_image image=\u00a0\u00bb11709&Prime; img_size=\u00a0\u00bbfull\u00a0\u00bb alignment=\u00a0\u00bbcenter\u00a0\u00bb qode_css_animation=\u00a0\u00bb\u00a0\u00bb][\/vc_column_inner][\/vc_row_inner][\/vc_column][\/vc_row][vc_row css_animation=\u00a0\u00bb\u00a0\u00bb row_type=\u00a0\u00bbrow\u00a0\u00bb use_row_as_full_screen_section=\u00a0\u00bbno\u00a0\u00bb type=\u00a0\u00bbgrid\u00a0\u00bb angled_section=\u00a0\u00bbno\u00a0\u00bb text_align=\u00a0\u00bbcenter\u00a0\u00bb background_image_as_pattern=\u00a0\u00bbwithout_pattern\u00a0\u00bb el_class=\u00a0\u00bbmod_block\u00a0\u00bb][vc_column width=\u00a0\u00bb5\/6&Prime; offset=\u00a0\u00bbvc_col-lg-offset-2 vc_col-lg-8 vc_col-md-offset-1 vc_col-md-10 vc_col-sm-offset-1&Prime;][vc_row_inner row_type=\u00a0\u00bbrow\u00a0\u00bb type=\u00a0\u00bbfull_width\u00a0\u00bb text_align=\u00a0\u00bbleft\u00a0\u00bb css_animation=\u00a0\u00bb\u00a0\u00bb][vc_column_inner][\/vc_column_inner][\/vc_row_inner][vc_column_text]<\/p>\n<h3 style=\"text-align: center;\">Ils disent<\/h3>\n<p>[\/vc_column_text][vc_separator type=\u00a0\u00bbsmall\u00a0\u00bb position=\u00a0\u00bbcenter\u00a0\u00bb]<div class='testimonials_holder clearfix dark'><div class=\"testimonials testimonials_carousel\" data-show-navigation=\"yes\" data-animation-type=\"fade\" data-animation-speed=\"\" data-auto-rotate-slides=\"3\" data-number-per-slide=\"1\"><ul class=\"slides\"><li id=\"testimonials5137\" class=\"testimonial_content\"><div class=\"testimonial_content_inner\"><div class=\"testimonial_text_holder\"><div class=\"testimonial_text_inner\" style=\"\"><p>10 ans de relation confirment le s\u00e9rieux et l'engagement de cette entreprise qui a une grande \u00e9quipe humaine. C'est un de mes meilleurs clients.<\/p><p class=\"testimonial_author\" style=\"\">MIGUEL TOMAS, CONSULTOR INFORMATICO Y MANTENIMIENTO - MTRDIGITAL.COM<\/p><\/div><\/div><\/div><\/li><li id=\"testimonials5132\" class=\"testimonial_content\"><div class=\"testimonial_content_inner\"><div class=\"testimonial_text_holder\"><div class=\"testimonial_text_inner\" style=\"\"><p>Notre image de Grupo Zaragoz\u00e1 apr\u00e8s avoir fourni et install\u00e9 les structures m\u00e9talliques pour des projets photovolta\u00efques au Royaume-Uni est qu'elle est une entreprise avec une vaste exp\u00e9rience dans la conception, la planification et la construction de projets photovolta\u00efques au niveau international.<\/p><p class=\"testimonial_author\" style=\"\">DAVID MURILLO, PROJECT MANAGEMENT & ENGINEERING - CWF<\/p><\/div><\/div><\/div><\/li><li id=\"testimonials4922\" class=\"testimonial_content\"><div class=\"testimonial_content_inner\"><div class=\"testimonial_text_holder\"><div class=\"testimonial_text_inner\" style=\"\"><p>Un professionnalisme, une r\u00e9solution exemplaire des incidents pendant les travails d\u2019installation et satisfaction de ses clients et de fournisseurs<\/p><p class=\"testimonial_author\" style=\"\">Jorge Casillas Montes, Product Manager \u2013 Facility Systems<\/p><\/div><\/div><\/div><\/li><li id=\"testimonials4925\" class=\"testimonial_content\"><div class=\"testimonial_content_inner\"><div class=\"testimonial_text_holder\"><div class=\"testimonial_text_inner\" style=\"\"><p>Pour nous, Grupo Zaragoza est le meilleur fournisseur de O&M services que nous avons connu en Italie<\/p><p class=\"testimonial_author\" style=\"\">Oren Ziv, Operations Manager \u2013 Ellomay Capital<\/p><\/div><\/div><\/div><\/li><li id=\"testimonials4929\" class=\"testimonial_content\"><div class=\"testimonial_content_inner\"><div class=\"testimonial_text_holder\"><div class=\"testimonial_text_inner\" style=\"\"><p>Du Grupo Zaragoz\u00e1 je voudrais souligner un grand leader et une grande \u00e9quipe humaine, pluridisciplinaire et diligente \u00e0 l'heure d'entreprendre des projets. Grupo Zaragoz\u00e1 est un r\u00e9f\u00e9rant dans notre secteur photovolta\u00efque et dans notre Communit\u00e9 Valencienne<\/p><p class=\"testimonial_author\" style=\"\">Isolda Morcillo, Dr. Operaciones Atersa - Grupo Elecnor.<\/p><\/div><\/div><\/div><\/li><\/ul><\/div><\/div>[\/vc_column][\/vc_row][vc_row row_type=\u00a0\u00bbparallax\u00a0\u00bb parallax_content_width=\u00a0\u00bbin_grid\u00a0\u00bb text_align=\u00a0\u00bbleft\u00a0\u00bb background_image=\u00a0\u00bb5042&Prime; full_screen_section_height=\u00a0\u00bbno\u00a0\u00bb section_height=\u00a0\u00bb439&Prime;][vc_column css=\u00a0\u00bb.vc_custom_1500637156196{padding-top: 40px !important;padding-bottom: 40px !important;}\u00a0\u00bb][vc_row_inner row_type=\u00a0\u00bbrow\u00a0\u00bb type=\u00a0\u00bbgrid\u00a0\u00bb text_align=\u00a0\u00bbleft\u00a0\u00bb css_animation=\u00a0\u00bb\u00a0\u00bb][vc_column_inner width=\u00a0\u00bb1\/3&Prime;][vc_column_text]<\/p>\n<h4 style=\"text-align: center; color: white;\">PV 76 MWp<\/h4>\n<h4 style=\"text-align: center; color: white;\">BESS 30 MWh<\/h4>\n<p>[\/vc_column_text][vc_separator type=\u00a0\u00bbsmall\u00a0\u00bb position=\u00a0\u00bbcenter\u00a0\u00bb color=\u00a0\u00bb#dd5f5f\u00a0\u00bb][vc_column_text]<\/p>\n<p style=\"text-align: center; color: white;\">en cours de d\u00e9veloppement en Espagne<\/p>\n<p>[\/vc_column_text][\/vc_column_inner][vc_column_inner width=\u00a0\u00bb1\/3&Prime;][vc_column_text]<\/p>\n<h4 style=\"text-align: center; color: white; gap: 5px;\">PV 325 MWp<\/h4>\n<h4 style=\"text-align: center; color: white; gap: 5px;\">BESS 513 MWh<\/h4>\n<p>[\/vc_column_text][vc_separator type=\u00a0\u00bbsmall\u00a0\u00bb position=\u00a0\u00bbcenter\u00a0\u00bb color=\u00a0\u00bb#dd5f5f\u00a0\u00bb][vc_column_text]<\/p>\n<p style=\"text-align: center; color: white;\">en cours de d\u00e9veloppement en Italie<\/p>\n<p>[\/vc_column_text][\/vc_column_inner][vc_column_inner width=\u00a0\u00bb1\/3&Prime;][vc_column_text]<\/p>\n<h4 style=\"text-align: center; color: white;\">Hybrides PV 677 MWp &amp; 201 MWh<\/h4>\n<h4 style=\"text-align: center; color: white;\">BESS 3250 MWh<\/h4>\n<h4><\/h4>\n<p>[\/vc_column_text][vc_separator type=\u00a0\u00bbsmall\u00a0\u00bb position=\u00a0\u00bbcenter\u00a0\u00bb color=\u00a0\u00bb#dd5f5f\u00a0\u00bb][vc_column_text]<\/p>\n<p style=\"text-align: center; color: white;\">en cours d\u00e9veloppement en Gr\u00e8ce<\/p>\n<p>[\/vc_column_text][\/vc_column_inner][\/vc_row_inner][\/vc_column][\/vc_row]<\/p>\n<\/div>","protected":false},"excerpt":{"rendered":"<p>[vc_row css_animation=\u00a0\u00bb\u00a0\u00bb row_type=\u00a0\u00bbrow\u00a0\u00bb use_row_as_full_screen_section=\u00a0\u00bbno\u00a0\u00bb type=\u00a0\u00bbgrid\u00a0\u00bb angled_section=\u00a0\u00bbno\u00a0\u00bb text_align=\u00a0\u00bbleft\u00a0\u00bb background_image_as_pattern=\u00a0\u00bbwithout_pattern\u00a0\u00bb el_class=\u00a0\u00bbmod_block sectionHome__boxesIntro\u00a0\u00bb][vc_column width=\u00a0\u00bb1\/3&Prime;][\/vc_column][vc_column width=\u00a0\u00bb1\/3&Prime;][\/vc_column][vc_column width=\u00a0\u00bb1\/3&Prime;][\/vc_column][\/vc_row][vc_row css_animation=\u00a0\u00bb\u00a0\u00bb row_type=\u00a0\u00bbrow\u00a0\u00bb use_row_as_full_screen_section=\u00a0\u00bbno\u00a0\u00bb type=\u00a0\u00bbgrid\u00a0\u00bb angled_section=\u00a0\u00bbno\u00a0\u00bb text_align=\u00a0\u00bbcenter\u00a0\u00bb background_image_as_pattern=\u00a0\u00bbwithout_pattern\u00a0\u00bb background_color=\u00a0\u00bb#f7f7f7&Prime; el_class=\u00a0\u00bbmod_block\u00a0\u00bb][vc_column width=\u00a0\u00bb5\/6&Prime; offset=\u00a0\u00bbvc_col-lg-offset-0 vc_col-lg-12 vc_col-md-offset-0 vc_col-md-12&Prime;][vc_column_text] DERNI\u00c8RES NOUVELLES [\/vc_column_text][vc_separator type=\u00a0\u00bbsmall\u00a0\u00bb position=\u00a0\u00bbcenter\u00a0\u00bb el_class=\u00a0\u00bbmb_40&Prime;][\/vc_column][\/vc_row][vc_row css_animation=\u00a0\u00bb\u00a0\u00bb row_type=\u00a0\u00bbrow\u00a0\u00bb use_row_as_full_screen_section=\u00a0\u00bbno\u00a0\u00bb type=\u00a0\u00bbfull_width\u00a0\u00bb angled_section=\u00a0\u00bbno\u00a0\u00bb text_align=\u00a0\u00bbleft\u00a0\u00bb background_image_as_pattern=\u00a0\u00bbwithout_pattern\u00a0\u00bb el_class=\u00a0\u00bbpt_40 pb_0&Prime; css=\u00a0\u00bb.vc_custom_1499857436911{background-color: #313234 !important;}\u00a0\u00bb][vc_column][vc_column_text]&#8230;<\/p>\n","protected":false},"author":4,"featured_media":0,"parent":0,"menu_order":0,"comment_status":"closed","ping_status":"closed","template":"full_width.php","meta":{"_acf_changed":false,"footnotes":""},"class_list":["post-4699","page","type-page","status-publish","hentry"],"acf":[],"yoast_head":"<!-- This site is optimized with the Yoast SEO plugin v26.8 - https:\/\/yoast.com\/product\/yoast-seo-wordpress\/ -->\n<title>Home - GRUPO ZARAGOZ\u00c1<\/title>\n<meta name=\"description\" content=\"GRUPO ZARAGOZ\u00c1\" \/>\n<meta name=\"robots\" content=\"index, follow, max-snippet:-1, max-image-preview:large, max-video-preview:-1\" \/>\n<link rel=\"canonical\" href=\"https:\/\/www.grupozaragoza.com\/fr\/\" \/>\n<meta property=\"og:locale\" content=\"fr_FR\" \/>\n<meta property=\"og:type\" content=\"article\" \/>\n<meta property=\"og:title\" content=\"Home - GRUPO ZARAGOZ\u00c1\" \/>\n<meta property=\"og:description\" content=\"GRUPO ZARAGOZ\u00c1\" \/>\n<meta property=\"og:url\" content=\"https:\/\/www.grupozaragoza.com\/fr\/\" \/>\n<meta property=\"og:site_name\" content=\"GRUPO ZARAGOZ\u00c1\" \/>\n<meta property=\"article:modified_time\" content=\"2025-09-19T10:54:50+00:00\" \/>\n<meta name=\"twitter:card\" content=\"summary_large_image\" \/>\n<meta name=\"twitter:label1\" content=\"Dur\u00e9e de lecture estim\u00e9e\" \/>\n\t<meta name=\"twitter:data1\" content=\"3 minutes\" \/>\n<script type=\"application\/ld+json\" class=\"yoast-schema-graph\">{\"@context\":\"https:\/\/schema.org\",\"@graph\":[{\"@type\":\"WebPage\",\"@id\":\"https:\/\/www.grupozaragoza.com\/fr\/\",\"url\":\"https:\/\/www.grupozaragoza.com\/fr\/\",\"name\":\"Home - GRUPO ZARAGOZ\u00c1\",\"isPartOf\":{\"@id\":\"https:\/\/www.grupozaragoza.com\/#website\"},\"datePublished\":\"2016-02-10T08:59:44+00:00\",\"dateModified\":\"2025-09-19T10:54:50+00:00\",\"description\":\"GRUPO ZARAGOZ\u00c1\",\"breadcrumb\":{\"@id\":\"https:\/\/www.grupozaragoza.com\/fr\/#breadcrumb\"},\"inLanguage\":\"fr-FR\",\"potentialAction\":[{\"@type\":\"ReadAction\",\"target\":[\"https:\/\/www.grupozaragoza.com\/fr\/\"]}]},{\"@type\":\"BreadcrumbList\",\"@id\":\"https:\/\/www.grupozaragoza.com\/fr\/#breadcrumb\",\"itemListElement\":[{\"@type\":\"ListItem\",\"position\":1,\"name\":\"Portada\",\"item\":\"https:\/\/www.grupozaragoza.com\/fr\/\"},{\"@type\":\"ListItem\",\"position\":2,\"name\":\"Home\"}]},{\"@type\":\"WebSite\",\"@id\":\"https:\/\/www.grupozaragoza.com\/#website\",\"url\":\"https:\/\/www.grupozaragoza.com\/\",\"name\":\"GRUPO ZARAGOZ\u00c1\",\"description\":\"Ingenieria &amp; Arquitectura Creativa\",\"publisher\":{\"@id\":\"https:\/\/www.grupozaragoza.com\/#organization\"},\"potentialAction\":[{\"@type\":\"SearchAction\",\"target\":{\"@type\":\"EntryPoint\",\"urlTemplate\":\"https:\/\/www.grupozaragoza.com\/?s={search_term_string}\"},\"query-input\":{\"@type\":\"PropertyValueSpecification\",\"valueRequired\":true,\"valueName\":\"search_term_string\"}}],\"inLanguage\":\"fr-FR\"},{\"@type\":\"Organization\",\"@id\":\"https:\/\/www.grupozaragoza.com\/#organization\",\"name\":\"GRUPO ZARAGOZ\u00c1\",\"url\":\"https:\/\/www.grupozaragoza.com\/\",\"logo\":{\"@type\":\"ImageObject\",\"inLanguage\":\"fr-FR\",\"@id\":\"https:\/\/www.grupozaragoza.com\/#\/schema\/logo\/image\/\",\"url\":\"https:\/\/www.grupozaragoza.com\/wp-content\/uploads\/2017\/08\/logo_zaragoza.png\",\"contentUrl\":\"https:\/\/www.grupozaragoza.com\/wp-content\/uploads\/2017\/08\/logo_zaragoza.png\",\"width\":676,\"height\":180,\"caption\":\"GRUPO ZARAGOZ\u00c1\"},\"image\":{\"@id\":\"https:\/\/www.grupozaragoza.com\/#\/schema\/logo\/image\/\"},\"sameAs\":[\"https:\/\/www.linkedin.com\/company\/grupozaragoza\/\",\"https:\/\/www.instagram.com\/grupozaragoza_com\/\"]}]}<\/script>\n<!-- \/ Yoast SEO plugin. -->","yoast_head_json":{"title":"Home - GRUPO ZARAGOZ\u00c1","description":"GRUPO ZARAGOZ\u00c1","robots":{"index":"index","follow":"follow","max-snippet":"max-snippet:-1","max-image-preview":"max-image-preview:large","max-video-preview":"max-video-preview:-1"},"canonical":"https:\/\/www.grupozaragoza.com\/fr\/","og_locale":"fr_FR","og_type":"article","og_title":"Home - GRUPO ZARAGOZ\u00c1","og_description":"GRUPO ZARAGOZ\u00c1","og_url":"https:\/\/www.grupozaragoza.com\/fr\/","og_site_name":"GRUPO ZARAGOZ\u00c1","article_modified_time":"2025-09-19T10:54:50+00:00","twitter_card":"summary_large_image","twitter_misc":{"Dur\u00e9e de lecture estim\u00e9e":"3 minutes"},"schema":{"@context":"https:\/\/schema.org","@graph":[{"@type":"WebPage","@id":"https:\/\/www.grupozaragoza.com\/fr\/","url":"https:\/\/www.grupozaragoza.com\/fr\/","name":"Home - GRUPO ZARAGOZ\u00c1","isPartOf":{"@id":"https:\/\/www.grupozaragoza.com\/#website"},"datePublished":"2016-02-10T08:59:44+00:00","dateModified":"2025-09-19T10:54:50+00:00","description":"GRUPO ZARAGOZ\u00c1","breadcrumb":{"@id":"https:\/\/www.grupozaragoza.com\/fr\/#breadcrumb"},"inLanguage":"fr-FR","potentialAction":[{"@type":"ReadAction","target":["https:\/\/www.grupozaragoza.com\/fr\/"]}]},{"@type":"BreadcrumbList","@id":"https:\/\/www.grupozaragoza.com\/fr\/#breadcrumb","itemListElement":[{"@type":"ListItem","position":1,"name":"Portada","item":"https:\/\/www.grupozaragoza.com\/fr\/"},{"@type":"ListItem","position":2,"name":"Home"}]},{"@type":"WebSite","@id":"https:\/\/www.grupozaragoza.com\/#website","url":"https:\/\/www.grupozaragoza.com\/","name":"GRUPO ZARAGOZ\u00c1","description":"Ingenieria &amp; Arquitectura Creativa","publisher":{"@id":"https:\/\/www.grupozaragoza.com\/#organization"},"potentialAction":[{"@type":"SearchAction","target":{"@type":"EntryPoint","urlTemplate":"https:\/\/www.grupozaragoza.com\/?s={search_term_string}"},"query-input":{"@type":"PropertyValueSpecification","valueRequired":true,"valueName":"search_term_string"}}],"inLanguage":"fr-FR"},{"@type":"Organization","@id":"https:\/\/www.grupozaragoza.com\/#organization","name":"GRUPO ZARAGOZ\u00c1","url":"https:\/\/www.grupozaragoza.com\/","logo":{"@type":"ImageObject","inLanguage":"fr-FR","@id":"https:\/\/www.grupozaragoza.com\/#\/schema\/logo\/image\/","url":"https:\/\/www.grupozaragoza.com\/wp-content\/uploads\/2017\/08\/logo_zaragoza.png","contentUrl":"https:\/\/www.grupozaragoza.com\/wp-content\/uploads\/2017\/08\/logo_zaragoza.png","width":676,"height":180,"caption":"GRUPO ZARAGOZ\u00c1"},"image":{"@id":"https:\/\/www.grupozaragoza.com\/#\/schema\/logo\/image\/"},"sameAs":["https:\/\/www.linkedin.com\/company\/grupozaragoza\/","https:\/\/www.instagram.com\/grupozaragoza_com\/"]}]}},"_links":{"self":[{"href":"https:\/\/www.grupozaragoza.com\/fr\/wp-json\/wp\/v2\/pages\/4699","targetHints":{"allow":["GET"]}}],"collection":[{"href":"https:\/\/www.grupozaragoza.com\/fr\/wp-json\/wp\/v2\/pages"}],"about":[{"href":"https:\/\/www.grupozaragoza.com\/fr\/wp-json\/wp\/v2\/types\/page"}],"author":[{"embeddable":true,"href":"https:\/\/www.grupozaragoza.com\/fr\/wp-json\/wp\/v2\/users\/4"}],"replies":[{"embeddable":true,"href":"https:\/\/www.grupozaragoza.com\/fr\/wp-json\/wp\/v2\/comments?post=4699"}],"version-history":[{"count":29,"href":"https:\/\/www.grupozaragoza.com\/fr\/wp-json\/wp\/v2\/pages\/4699\/revisions"}],"predecessor-version":[{"id":12597,"href":"https:\/\/www.grupozaragoza.com\/fr\/wp-json\/wp\/v2\/pages\/4699\/revisions\/12597"}],"wp:attachment":[{"href":"https:\/\/www.grupozaragoza.com\/fr\/wp-json\/wp\/v2\/media?parent=4699"}],"curies":[{"name":"wp","href":"https:\/\/api.w.org\/{rel}","templated":true}]}}