{"id":10064,"date":"2023-08-07T10:44:57","date_gmt":"2023-08-07T08:44:57","guid":{"rendered":"https:\/\/www.grupozaragoza.com\/energie-renouvelable\/"},"modified":"2023-08-07T10:44:59","modified_gmt":"2023-08-07T08:44:59","slug":"energie-renouvelable-2","status":"publish","type":"page","link":"https:\/\/www.grupozaragoza.com\/fr\/energie-renouvelable-2\/","title":{"rendered":"Energie Renouvelable"},"content":{"rendered":"<div class=\"wpb-content-wrapper\"><p>[vc_row css_animation=\u00a0\u00bb\u00a0\u00bb row_type=\u00a0\u00bbrow\u00a0\u00bb use_row_as_full_screen_section=\u00a0\u00bbno\u00a0\u00bb type=\u00a0\u00bbfull_width\u00a0\u00bb angled_section=\u00a0\u00bbno\u00a0\u00bb text_align=\u00a0\u00bbleft\u00a0\u00bb background_image_as_pattern=\u00a0\u00bbwithout_pattern\u00a0\u00bb][vc_column][vc_row_inner row_type=\u00a0\u00bbrow\u00a0\u00bb type=\u00a0\u00bbfull_width\u00a0\u00bb text_align=\u00a0\u00bbleft\u00a0\u00bb css_animation=\u00a0\u00bb\u00a0\u00bb][vc_column_inner][vc_column_text]<\/p>\n<p style=\"text-align: justify;\">L\u2019\u00e9volution \u00e0 la hausse des besoins \u00e9nerg\u00e9tiques et les probl\u00e8mes \u00e9conomiques et environnementaux qui en d\u00e9rivent cr\u00e9ent une nouvelle conscience de durabilit\u00e9 qui exige des solutions intelligentes.<\/p>\n<p style=\"text-align: justify;\"><i class=\"icon-right-dir\"><\/i>Le <strong>GROUPE ZARAGOZ\u00c1<\/strong> s\u2019est converti en une r\u00e9f\u00e9rence dans le secteur, en se joignant aux efforts de la grande partie de la soci\u00e9t\u00e9 civile dans l\u2019obtention d\u2019un mod\u00e8le \u00e9conomique durable qui r\u00e9sout le probl\u00e8me \u00e9nerg\u00e9tique et environnemental que affronte notre civilisation.<\/p>\n<p>[\/vc_column_text][\/vc_column_inner][\/vc_row_inner][vc_row_inner row_type=\u00a0\u00bbrow\u00a0\u00bb type=\u00a0\u00bbfull_width\u00a0\u00bb text_align=\u00a0\u00bbleft\u00a0\u00bb css_animation=\u00a0\u00bb\u00a0\u00bb css=\u00a0\u00bb.vc_custom_1500895051010{padding-top: 50px !important;}\u00a0\u00bb][vc_column_inner width=\u00a0\u00bb1\/3&Prime;]\n\t        <div class=\"bj_imgBox\">\n\t\t\t\t<div class=\"bj_imgBox__img\" style=\"background-image: url(https:\/\/www.grupozaragoza.com\/wp-content\/uploads\/2016\/02\/banner_energias_desarrollo.jpg)\"><\/div>\n\t         \t<a href=\"\/fr\/energie-renouvable\/developpement\/\">\n\t            \t<h3>D\u00e9veloppement<\/h3>\n\t           \t<\/a>\n\t         \n\t        <\/div>[\/vc_column_inner][vc_column_inner width=\u00a0\u00bb1\/3&Prime;]\n\t        <div class=\"bj_imgBox\">\n\t\t\t\t<div class=\"bj_imgBox__img\" style=\"background-image: url(https:\/\/www.grupozaragoza.com\/wp-content\/uploads\/2016\/02\/banner_energias_construccion.jpg)\"><\/div>\n\t         \t<a href=\"\/fr\/energie-renouvable\/construction-epc\/\">\n\t            \t<h3>Construction \u2013 EPC<\/h3>\n\t           \t<\/a>\n\t         \n\t        <\/div>[\/vc_column_inner][vc_column_inner width=\u00a0\u00bb1\/3&Prime;]\n\t        <div class=\"bj_imgBox\">\n\t\t\t\t<div class=\"bj_imgBox__img\" style=\"background-image: url(https:\/\/www.grupozaragoza.com\/wp-content\/uploads\/2016\/02\/banner_energias_om.jpg)\"><\/div>\n\t         \t<a href=\"\/fr\/energie-renouvable\/om\/\">\n\t            \t<h3>O&amp;M<\/h3>\n\t           \t<\/a>\n\t         \n\t        <\/div>[\/vc_column_inner][\/vc_row_inner][\/vc_column][\/vc_row]<\/p>\n<\/div>","protected":false},"excerpt":{"rendered":"<p>[vc_row css_animation=\u00a0\u00bb\u00a0\u00bb row_type=\u00a0\u00bbrow\u00a0\u00bb use_row_as_full_screen_section=\u00a0\u00bbno\u00a0\u00bb type=\u00a0\u00bbfull_width\u00a0\u00bb angled_section=\u00a0\u00bbno\u00a0\u00bb text_align=\u00a0\u00bbleft\u00a0\u00bb background_image_as_pattern=\u00a0\u00bbwithout_pattern\u00a0\u00bb][vc_column][vc_row_inner row_type=\u00a0\u00bbrow\u00a0\u00bb type=\u00a0\u00bbfull_width\u00a0\u00bb text_align=\u00a0\u00bbleft\u00a0\u00bb css_animation=\u00a0\u00bb\u00a0\u00bb][vc_column_inner][vc_column_text] L\u2019\u00e9volution \u00e0 la hausse des besoins \u00e9nerg\u00e9tiques et les probl\u00e8mes \u00e9conomiques et environnementaux qui en d\u00e9rivent cr\u00e9ent une nouvelle conscience de durabilit\u00e9 qui exige des solutions intelligentes. Le GROUPE ZARAGOZ\u00c1 s\u2019est converti en&#8230;<\/p>\n","protected":false},"author":4,"featured_media":0,"parent":0,"menu_order":0,"comment_status":"closed","ping_status":"closed","template":"","meta":{"_acf_changed":false,"footnotes":""},"class_list":["post-10064","page","type-page","status-publish","hentry"],"acf":[],"yoast_head":"<!-- This site is optimized with the Yoast SEO plugin v26.8 - https:\/\/yoast.com\/product\/yoast-seo-wordpress\/ -->\n<title>Energie Renouvelable - GRUPO ZARAGOZ\u00c1<\/title>\n<meta name=\"robots\" content=\"index, follow, max-snippet:-1, max-image-preview:large, max-video-preview:-1\" \/>\n<link rel=\"canonical\" href=\"https:\/\/www.grupozaragoza.com\/fr\/energie-renouvelable-2\/\" \/>\n<meta property=\"og:locale\" content=\"fr_FR\" \/>\n<meta property=\"og:type\" content=\"article\" \/>\n<meta property=\"og:title\" content=\"Energie Renouvelable - GRUPO ZARAGOZ\u00c1\" \/>\n<meta property=\"og:description\" content=\"[vc_row css_animation=\u00a0\u00bb\u00a0\u00bb row_type=\u00a0\u00bbrow\u00a0\u00bb use_row_as_full_screen_section=\u00a0\u00bbno\u00a0\u00bb type=\u00a0\u00bbfull_width\u00a0\u00bb angled_section=\u00a0\u00bbno\u00a0\u00bb text_align=\u00a0\u00bbleft\u00a0\u00bb background_image_as_pattern=\u00a0\u00bbwithout_pattern\u00a0\u00bb][vc_column][vc_row_inner row_type=\u00a0\u00bbrow\u00a0\u00bb type=\u00a0\u00bbfull_width\u00a0\u00bb text_align=\u00a0\u00bbleft\u00a0\u00bb css_animation=\u00a0\u00bb\u00a0\u00bb][vc_column_inner][vc_column_text] L\u2019\u00e9volution \u00e0 la hausse des besoins \u00e9nerg\u00e9tiques et les probl\u00e8mes \u00e9conomiques et environnementaux qui en d\u00e9rivent cr\u00e9ent une nouvelle conscience de durabilit\u00e9 qui exige des solutions intelligentes. Le GROUPE ZARAGOZ\u00c1 s\u2019est converti en...\" \/>\n<meta property=\"og:url\" content=\"https:\/\/www.grupozaragoza.com\/fr\/energie-renouvelable-2\/\" \/>\n<meta property=\"og:site_name\" content=\"GRUPO ZARAGOZ\u00c1\" \/>\n<meta property=\"article:modified_time\" content=\"2023-08-07T08:44:59+00:00\" \/>\n<meta name=\"twitter:card\" content=\"summary_large_image\" \/>\n<meta name=\"twitter:label1\" content=\"Dur\u00e9e de lecture estim\u00e9e\" \/>\n\t<meta name=\"twitter:data1\" content=\"1 minute\" \/>\n<script type=\"application\/ld+json\" class=\"yoast-schema-graph\">{\"@context\":\"https:\/\/schema.org\",\"@graph\":[{\"@type\":\"WebPage\",\"@id\":\"https:\/\/www.grupozaragoza.com\/fr\/energie-renouvelable-2\/\",\"url\":\"https:\/\/www.grupozaragoza.com\/fr\/energie-renouvelable-2\/\",\"name\":\"Energie Renouvelable - GRUPO ZARAGOZ\u00c1\",\"isPartOf\":{\"@id\":\"https:\/\/www.grupozaragoza.com\/#website\"},\"datePublished\":\"2023-08-07T08:44:57+00:00\",\"dateModified\":\"2023-08-07T08:44:59+00:00\",\"breadcrumb\":{\"@id\":\"https:\/\/www.grupozaragoza.com\/fr\/energie-renouvelable-2\/#breadcrumb\"},\"inLanguage\":\"fr-FR\",\"potentialAction\":[{\"@type\":\"ReadAction\",\"target\":[\"https:\/\/www.grupozaragoza.com\/fr\/energie-renouvelable-2\/\"]}]},{\"@type\":\"BreadcrumbList\",\"@id\":\"https:\/\/www.grupozaragoza.com\/fr\/energie-renouvelable-2\/#breadcrumb\",\"itemListElement\":[{\"@type\":\"ListItem\",\"position\":1,\"name\":\"Portada\",\"item\":\"https:\/\/www.grupozaragoza.com\/fr\/\"},{\"@type\":\"ListItem\",\"position\":2,\"name\":\"Energie Renouvelable\"}]},{\"@type\":\"WebSite\",\"@id\":\"https:\/\/www.grupozaragoza.com\/#website\",\"url\":\"https:\/\/www.grupozaragoza.com\/\",\"name\":\"GRUPO ZARAGOZ\u00c1\",\"description\":\"Ingenieria &amp; Arquitectura Creativa\",\"publisher\":{\"@id\":\"https:\/\/www.grupozaragoza.com\/#organization\"},\"potentialAction\":[{\"@type\":\"SearchAction\",\"target\":{\"@type\":\"EntryPoint\",\"urlTemplate\":\"https:\/\/www.grupozaragoza.com\/?s={search_term_string}\"},\"query-input\":{\"@type\":\"PropertyValueSpecification\",\"valueRequired\":true,\"valueName\":\"search_term_string\"}}],\"inLanguage\":\"fr-FR\"},{\"@type\":\"Organization\",\"@id\":\"https:\/\/www.grupozaragoza.com\/#organization\",\"name\":\"GRUPO ZARAGOZ\u00c1\",\"url\":\"https:\/\/www.grupozaragoza.com\/\",\"logo\":{\"@type\":\"ImageObject\",\"inLanguage\":\"fr-FR\",\"@id\":\"https:\/\/www.grupozaragoza.com\/#\/schema\/logo\/image\/\",\"url\":\"https:\/\/www.grupozaragoza.com\/wp-content\/uploads\/2017\/08\/logo_zaragoza.png\",\"contentUrl\":\"https:\/\/www.grupozaragoza.com\/wp-content\/uploads\/2017\/08\/logo_zaragoza.png\",\"width\":676,\"height\":180,\"caption\":\"GRUPO ZARAGOZ\u00c1\"},\"image\":{\"@id\":\"https:\/\/www.grupozaragoza.com\/#\/schema\/logo\/image\/\"},\"sameAs\":[\"https:\/\/www.linkedin.com\/company\/grupozaragoza\/\",\"https:\/\/www.instagram.com\/grupozaragoza_com\/\"]}]}<\/script>\n<!-- \/ Yoast SEO plugin. -->","yoast_head_json":{"title":"Energie Renouvelable - GRUPO ZARAGOZ\u00c1","robots":{"index":"index","follow":"follow","max-snippet":"max-snippet:-1","max-image-preview":"max-image-preview:large","max-video-preview":"max-video-preview:-1"},"canonical":"https:\/\/www.grupozaragoza.com\/fr\/energie-renouvelable-2\/","og_locale":"fr_FR","og_type":"article","og_title":"Energie Renouvelable - GRUPO ZARAGOZ\u00c1","og_description":"[vc_row css_animation=\u00a0\u00bb\u00a0\u00bb row_type=\u00a0\u00bbrow\u00a0\u00bb use_row_as_full_screen_section=\u00a0\u00bbno\u00a0\u00bb type=\u00a0\u00bbfull_width\u00a0\u00bb angled_section=\u00a0\u00bbno\u00a0\u00bb text_align=\u00a0\u00bbleft\u00a0\u00bb background_image_as_pattern=\u00a0\u00bbwithout_pattern\u00a0\u00bb][vc_column][vc_row_inner row_type=\u00a0\u00bbrow\u00a0\u00bb type=\u00a0\u00bbfull_width\u00a0\u00bb text_align=\u00a0\u00bbleft\u00a0\u00bb css_animation=\u00a0\u00bb\u00a0\u00bb][vc_column_inner][vc_column_text] L\u2019\u00e9volution \u00e0 la hausse des besoins \u00e9nerg\u00e9tiques et les probl\u00e8mes \u00e9conomiques et environnementaux qui en d\u00e9rivent cr\u00e9ent une nouvelle conscience de durabilit\u00e9 qui exige des solutions intelligentes. Le GROUPE ZARAGOZ\u00c1 s\u2019est converti en...","og_url":"https:\/\/www.grupozaragoza.com\/fr\/energie-renouvelable-2\/","og_site_name":"GRUPO ZARAGOZ\u00c1","article_modified_time":"2023-08-07T08:44:59+00:00","twitter_card":"summary_large_image","twitter_misc":{"Dur\u00e9e de lecture estim\u00e9e":"1 minute"},"schema":{"@context":"https:\/\/schema.org","@graph":[{"@type":"WebPage","@id":"https:\/\/www.grupozaragoza.com\/fr\/energie-renouvelable-2\/","url":"https:\/\/www.grupozaragoza.com\/fr\/energie-renouvelable-2\/","name":"Energie Renouvelable - GRUPO ZARAGOZ\u00c1","isPartOf":{"@id":"https:\/\/www.grupozaragoza.com\/#website"},"datePublished":"2023-08-07T08:44:57+00:00","dateModified":"2023-08-07T08:44:59+00:00","breadcrumb":{"@id":"https:\/\/www.grupozaragoza.com\/fr\/energie-renouvelable-2\/#breadcrumb"},"inLanguage":"fr-FR","potentialAction":[{"@type":"ReadAction","target":["https:\/\/www.grupozaragoza.com\/fr\/energie-renouvelable-2\/"]}]},{"@type":"BreadcrumbList","@id":"https:\/\/www.grupozaragoza.com\/fr\/energie-renouvelable-2\/#breadcrumb","itemListElement":[{"@type":"ListItem","position":1,"name":"Portada","item":"https:\/\/www.grupozaragoza.com\/fr\/"},{"@type":"ListItem","position":2,"name":"Energie Renouvelable"}]},{"@type":"WebSite","@id":"https:\/\/www.grupozaragoza.com\/#website","url":"https:\/\/www.grupozaragoza.com\/","name":"GRUPO ZARAGOZ\u00c1","description":"Ingenieria &amp; Arquitectura Creativa","publisher":{"@id":"https:\/\/www.grupozaragoza.com\/#organization"},"potentialAction":[{"@type":"SearchAction","target":{"@type":"EntryPoint","urlTemplate":"https:\/\/www.grupozaragoza.com\/?s={search_term_string}"},"query-input":{"@type":"PropertyValueSpecification","valueRequired":true,"valueName":"search_term_string"}}],"inLanguage":"fr-FR"},{"@type":"Organization","@id":"https:\/\/www.grupozaragoza.com\/#organization","name":"GRUPO ZARAGOZ\u00c1","url":"https:\/\/www.grupozaragoza.com\/","logo":{"@type":"ImageObject","inLanguage":"fr-FR","@id":"https:\/\/www.grupozaragoza.com\/#\/schema\/logo\/image\/","url":"https:\/\/www.grupozaragoza.com\/wp-content\/uploads\/2017\/08\/logo_zaragoza.png","contentUrl":"https:\/\/www.grupozaragoza.com\/wp-content\/uploads\/2017\/08\/logo_zaragoza.png","width":676,"height":180,"caption":"GRUPO ZARAGOZ\u00c1"},"image":{"@id":"https:\/\/www.grupozaragoza.com\/#\/schema\/logo\/image\/"},"sameAs":["https:\/\/www.linkedin.com\/company\/grupozaragoza\/","https:\/\/www.instagram.com\/grupozaragoza_com\/"]}]}},"_links":{"self":[{"href":"https:\/\/www.grupozaragoza.com\/fr\/wp-json\/wp\/v2\/pages\/10064","targetHints":{"allow":["GET"]}}],"collection":[{"href":"https:\/\/www.grupozaragoza.com\/fr\/wp-json\/wp\/v2\/pages"}],"about":[{"href":"https:\/\/www.grupozaragoza.com\/fr\/wp-json\/wp\/v2\/types\/page"}],"author":[{"embeddable":true,"href":"https:\/\/www.grupozaragoza.com\/fr\/wp-json\/wp\/v2\/users\/4"}],"replies":[{"embeddable":true,"href":"https:\/\/www.grupozaragoza.com\/fr\/wp-json\/wp\/v2\/comments?post=10064"}],"version-history":[{"count":1,"href":"https:\/\/www.grupozaragoza.com\/fr\/wp-json\/wp\/v2\/pages\/10064\/revisions"}],"predecessor-version":[{"id":10067,"href":"https:\/\/www.grupozaragoza.com\/fr\/wp-json\/wp\/v2\/pages\/10064\/revisions\/10067"}],"wp:attachment":[{"href":"https:\/\/www.grupozaragoza.com\/fr\/wp-json\/wp\/v2\/media?parent=10064"}],"curies":[{"name":"wp","href":"https:\/\/api.w.org\/{rel}","templated":true}]}}